{"id":2,"date":"2023-07-12T13:01:29","date_gmt":"2023-07-12T11:01:29","guid":{"rendered":"https:\/\/botschaft-senegal.de\/?page_id=2"},"modified":"2025-09-11T12:38:46","modified_gmt":"2025-09-11T10:38:46","slug":"ambassade","status":"publish","type":"page","link":"https:\/\/botschaft-senegal.de\/de\/ambassade\/","title":{"rendered":"L&rsquo;Ambassade"},"content":{"rendered":"<style>.wp-block-kadence-advancedheading.kt-adv-heading2_e5293a-7a, .wp-block-kadence-advancedheading.kt-adv-heading2_e5293a-7a[data-kb-block=\"kb-adv-heading2_e5293a-7a\"]{font-size:var(--global-kb-font-size-md, 1.25rem);font-style:normal;border-top:5px solid var(--theme-palette-color-5, #e1e8ed);border-right:5px solid var(--theme-palette-color-5, #e1e8ed);border-bottom:5px solid var(--theme-palette-color-5, #e1e8ed);border-left:5px solid var(--theme-palette-color-5, #e1e8ed);border-top-left-radius:50px;border-top-right-radius:200px;border-bottom-right-radius:200px;border-bottom-left-radius:50px;}.wp-block-kadence-advancedheading.kt-adv-heading2_e5293a-7a mark.kt-highlight, .wp-block-kadence-advancedheading.kt-adv-heading2_e5293a-7a[data-kb-block=\"kb-adv-heading2_e5293a-7a\"] mark.kt-highlight{font-style:normal;color:#f76a0c;-webkit-box-decoration-break:clone;box-decoration-break:clone;padding-top:0px;padding-right:0px;padding-bottom:0px;padding-left:0px;}.wp-block-kadence-advancedheading.kt-adv-heading2_e5293a-7a img.kb-inline-image, .wp-block-kadence-advancedheading.kt-adv-heading2_e5293a-7a[data-kb-block=\"kb-adv-heading2_e5293a-7a\"] img.kb-inline-image{width:150px;vertical-align:baseline;}@media all and (max-width: 1024px){.wp-block-kadence-advancedheading.kt-adv-heading2_e5293a-7a, .wp-block-kadence-advancedheading.kt-adv-heading2_e5293a-7a[data-kb-block=\"kb-adv-heading2_e5293a-7a\"]{border-top:5px solid var(--theme-palette-color-5, #e1e8ed);border-right:5px solid var(--theme-palette-color-5, #e1e8ed);border-bottom:5px solid var(--theme-palette-color-5, #e1e8ed);border-left:5px solid var(--theme-palette-color-5, #e1e8ed);}}@media all and (max-width: 767px){.wp-block-kadence-advancedheading.kt-adv-heading2_e5293a-7a, .wp-block-kadence-advancedheading.kt-adv-heading2_e5293a-7a[data-kb-block=\"kb-adv-heading2_e5293a-7a\"]{border-top:5px solid var(--theme-palette-color-5, #e1e8ed);border-right:5px solid var(--theme-palette-color-5, #e1e8ed);border-bottom:5px solid var(--theme-palette-color-5, #e1e8ed);border-left:5px solid var(--theme-palette-color-5, #e1e8ed);}}<\/style>\n<h2 class=\"kt-adv-heading2_e5293a-7a wp-block-kadence-advancedheading has-palette-color-5-background-color has-background\" data-kb-block=\"kb-adv-heading2_e5293a-7a\"><em>L&rsquo;Ambassade<\/em><\/h2>\n\n\n<style>.kt-accordion-id2_c167cd-24 .kt-accordion-inner-wrap{column-gap:var(--global-kb-gap-md, 2rem);row-gap:0px;}.kt-accordion-id2_c167cd-24 .kt-accordion-panel-inner{border-top:0px solid transparent;border-right:0px solid transparent;border-bottom:0px solid transparent;border-left:0px solid transparent;padding-top:var(--global-kb-spacing-sm, 1.5rem);padding-right:var(--global-kb-spacing-sm, 1.5rem);padding-bottom:var(--global-kb-spacing-sm, 1.5rem);padding-left:var(--global-kb-spacing-sm, 1.5rem);}.kt-accordion-id2_c167cd-24 > .kt-accordion-inner-wrap > .wp-block-kadence-pane > .kt-accordion-header-wrap > .kt-blocks-accordion-header{border-top:0px solid #f2f2f2;border-right:0px solid #f2f2f2;border-bottom:0px solid #f2f2f2;border-left:0px solid #f2f2f2;border-top-left-radius:0px;border-top-right-radius:0px;border-bottom-right-radius:0px;border-bottom-left-radius:0px;background:#f2f2f2;color:#555555;padding-top:10px;padding-right:14px;padding-bottom:10px;padding-left:14px;}.kt-accordion-id2_c167cd-24:not( .kt-accodion-icon-style-basiccircle ):not( .kt-accodion-icon-style-xclosecircle ):not( .kt-accodion-icon-style-arrowcircle )  > .kt-accordion-inner-wrap > .wp-block-kadence-pane > .kt-accordion-header-wrap .kt-blocks-accordion-icon-trigger:after, .kt-accordion-id2_c167cd-24:not( .kt-accodion-icon-style-basiccircle ):not( .kt-accodion-icon-style-xclosecircle ):not( .kt-accodion-icon-style-arrowcircle )  > .kt-accordion-inner-wrap > .wp-block-kadence-pane > .kt-accordion-header-wrap .kt-blocks-accordion-icon-trigger:before{background:#555555;}.kt-accordion-id2_c167cd-24:not( .kt-accodion-icon-style-basic ):not( .kt-accodion-icon-style-xclose ):not( .kt-accodion-icon-style-arrow ) .kt-blocks-accordion-icon-trigger{background:#555555;}.kt-accordion-id2_c167cd-24:not( .kt-accodion-icon-style-basic ):not( .kt-accodion-icon-style-xclose ):not( .kt-accodion-icon-style-arrow ) .kt-blocks-accordion-icon-trigger:after, .kt-accordion-id2_c167cd-24:not( .kt-accodion-icon-style-basic ):not( .kt-accodion-icon-style-xclose ):not( .kt-accodion-icon-style-arrow ) .kt-blocks-accordion-icon-trigger:before{background:#f2f2f2;}.kt-accordion-id2_c167cd-24 > .kt-accordion-inner-wrap > .wp-block-kadence-pane > .kt-accordion-header-wrap > .kt-blocks-accordion-header:hover, \n\t\t\t\tbody:not(.hide-focus-outline) .kt-accordion-id2_c167cd-24 .kt-blocks-accordion-header:focus-visible{color:#444444;background:#eeeeee;border-top-color:#eeeeee;border-top-style:solid;border-right-color:#eeeeee;border-right-style:solid;border-bottom-color:#eeeeee;border-bottom-style:solid;border-left-color:#eeeeee;border-left-style:solid;}.kt-accordion-id2_c167cd-24:not( .kt-accodion-icon-style-basiccircle ):not( .kt-accodion-icon-style-xclosecircle ):not( .kt-accodion-icon-style-arrowcircle ) .kt-accordion-header-wrap .kt-blocks-accordion-header:hover .kt-blocks-accordion-icon-trigger:after, .kt-accordion-id2_c167cd-24:not( .kt-accodion-icon-style-basiccircle ):not( .kt-accodion-icon-style-xclosecircle ):not( .kt-accodion-icon-style-arrowcircle ) .kt-accordion-header-wrap .kt-blocks-accordion-header:hover .kt-blocks-accordion-icon-trigger:before, body:not(.hide-focus-outline) .kt-accordion-id2_c167cd-24:not( .kt-accodion-icon-style-basiccircle ):not( .kt-accodion-icon-style-xclosecircle ):not( .kt-accodion-icon-style-arrowcircle ) .kt-blocks-accordion--visible .kt-blocks-accordion-icon-trigger:after, body:not(.hide-focus-outline) .kt-accordion-id2_c167cd-24:not( .kt-accodion-icon-style-basiccircle ):not( .kt-accodion-icon-style-xclosecircle ):not( .kt-accodion-icon-style-arrowcircle ) .kt-blocks-accordion-header:focus-visible .kt-blocks-accordion-icon-trigger:before{background:#444444;}.kt-accordion-id2_c167cd-24:not( .kt-accodion-icon-style-basic ):not( .kt-accodion-icon-style-xclose ):not( .kt-accodion-icon-style-arrow ) .kt-accordion-header-wrap .kt-blocks-accordion-header:hover .kt-blocks-accordion-icon-trigger, body:not(.hide-focus-outline) .kt-accordion-id2_c167cd-24:not( .kt-accodion-icon-style-basic ):not( .kt-accodion-icon-style-xclose ):not( .kt-accodion-icon-style-arrow ) .kt-accordion-header-wrap .kt-blocks-accordion-header:focus-visible .kt-blocks-accordion-icon-trigger{background:#444444;}.kt-accordion-id2_c167cd-24:not( .kt-accodion-icon-style-basic ):not( .kt-accodion-icon-style-xclose ):not( .kt-accodion-icon-style-arrow ) .kt-accordion-header-wrap .kt-blocks-accordion-header:hover .kt-blocks-accordion-icon-trigger:after, .kt-accordion-id2_c167cd-24:not( .kt-accodion-icon-style-basic ):not( .kt-accodion-icon-style-xclose ):not( .kt-accodion-icon-style-arrow ) .kt-accordion-header-wrap .kt-blocks-accordion-header:hover .kt-blocks-accordion-icon-trigger:before, body:not(.hide-focus-outline) .kt-accordion-id2_c167cd-24:not( .kt-accodion-icon-style-basic ):not( .kt-accodion-icon-style-xclose ):not( .kt-accodion-icon-style-arrow ) .kt-accordion-header-wrap .kt-blocks-accordion-header:focus-visible .kt-blocks-accordion-icon-trigger:after, body:not(.hide-focus-outline) .kt-accordion-id2_c167cd-24:not( .kt-accodion-icon-style-basic ):not( .kt-accodion-icon-style-xclose ):not( .kt-accodion-icon-style-arrow ) .kt-accordion-header-wrap .kt-blocks-accordion-header:focus-visible .kt-blocks-accordion-icon-trigger:before{background:#eeeeee;}.kt-accordion-id2_c167cd-24 .kt-accordion-header-wrap .kt-blocks-accordion-header:focus-visible,\n\t\t\t\t.kt-accordion-id2_c167cd-24 > .kt-accordion-inner-wrap > .wp-block-kadence-pane > .kt-accordion-header-wrap > .kt-blocks-accordion-header.kt-accordion-panel-active{color:#ffffff;background:#444444;border-top-color:#444444;border-top-style:solid;border-right-color:#444444;border-right-style:solid;border-bottom-color:#444444;border-bottom-style:solid;border-left-color:#444444;border-left-style:solid;}.kt-accordion-id2_c167cd-24:not( .kt-accodion-icon-style-basiccircle ):not( .kt-accodion-icon-style-xclosecircle ):not( .kt-accodion-icon-style-arrowcircle )  > .kt-accordion-inner-wrap > .wp-block-kadence-pane > .kt-accordion-header-wrap > .kt-blocks-accordion-header.kt-accordion-panel-active .kt-blocks-accordion-icon-trigger:after, .kt-accordion-id2_c167cd-24:not( .kt-accodion-icon-style-basiccircle ):not( .kt-accodion-icon-style-xclosecircle ):not( .kt-accodion-icon-style-arrowcircle )  > .kt-accordion-inner-wrap > .wp-block-kadence-pane > .kt-accordion-header-wrap > .kt-blocks-accordion-header.kt-accordion-panel-active .kt-blocks-accordion-icon-trigger:before{background:#ffffff;}.kt-accordion-id2_c167cd-24:not( .kt-accodion-icon-style-basic ):not( .kt-accodion-icon-style-xclose ):not( .kt-accodion-icon-style-arrow ) .kt-blocks-accordion-header.kt-accordion-panel-active .kt-blocks-accordion-icon-trigger{background:#ffffff;}.kt-accordion-id2_c167cd-24:not( .kt-accodion-icon-style-basic ):not( .kt-accodion-icon-style-xclose ):not( .kt-accodion-icon-style-arrow ) .kt-blocks-accordion-header.kt-accordion-panel-active .kt-blocks-accordion-icon-trigger:after, .kt-accordion-id2_c167cd-24:not( .kt-accodion-icon-style-basic ):not( .kt-accodion-icon-style-xclose ):not( .kt-accodion-icon-style-arrow ) .kt-blocks-accordion-header.kt-accordion-panel-active .kt-blocks-accordion-icon-trigger:before{background:#444444;}@media all and (max-width: 1024px){.kt-accordion-id2_c167cd-24 .kt-accordion-panel-inner{border-top:0px solid transparent;border-right:0px solid transparent;border-bottom:0px solid transparent;border-left:0px solid transparent;}}@media all and (max-width: 1024px){.kt-accordion-id2_c167cd-24 > .kt-accordion-inner-wrap > .wp-block-kadence-pane > .kt-accordion-header-wrap > .kt-blocks-accordion-header{border-top:0px solid #f2f2f2;border-right:0px solid #f2f2f2;border-bottom:0px solid #f2f2f2;border-left:0px solid #f2f2f2;}}@media all and (max-width: 1024px){.kt-accordion-id2_c167cd-24 > .kt-accordion-inner-wrap > .wp-block-kadence-pane > .kt-accordion-header-wrap > .kt-blocks-accordion-header:hover, \n\t\t\t\tbody:not(.hide-focus-outline) .kt-accordion-id2_c167cd-24 .kt-blocks-accordion-header:focus-visible{border-top-color:#eeeeee;border-top-style:solid;border-right-color:#eeeeee;border-right-style:solid;border-bottom-color:#eeeeee;border-bottom-style:solid;border-left-color:#eeeeee;border-left-style:solid;}}@media all and (max-width: 1024px){.kt-accordion-id2_c167cd-24 .kt-accordion-header-wrap .kt-blocks-accordion-header:focus-visible,\n\t\t\t\t.kt-accordion-id2_c167cd-24 > .kt-accordion-inner-wrap > .wp-block-kadence-pane > .kt-accordion-header-wrap > .kt-blocks-accordion-header.kt-accordion-panel-active{border-top-color:#444444;border-top-style:solid;border-right-color:#444444;border-right-style:solid;border-bottom-color:#444444;border-bottom-style:solid;border-left-color:#444444;border-left-style:solid;}}@media all and (max-width: 767px){.kt-accordion-id2_c167cd-24 .kt-accordion-inner-wrap{display:block;}.kt-accordion-id2_c167cd-24 .kt-accordion-inner-wrap .kt-accordion-pane:not(:first-child){margin-top:0px;}.kt-accordion-id2_c167cd-24 .kt-accordion-panel-inner{border-top:0px solid transparent;border-right:0px solid transparent;border-bottom:0px solid transparent;border-left:0px solid transparent;}.kt-accordion-id2_c167cd-24 > .kt-accordion-inner-wrap > .wp-block-kadence-pane > .kt-accordion-header-wrap > .kt-blocks-accordion-header{border-top:0px solid #f2f2f2;border-right:0px solid #f2f2f2;border-bottom:0px solid #f2f2f2;border-left:0px solid #f2f2f2;}.kt-accordion-id2_c167cd-24 > .kt-accordion-inner-wrap > .wp-block-kadence-pane > .kt-accordion-header-wrap > .kt-blocks-accordion-header:hover, \n\t\t\t\tbody:not(.hide-focus-outline) .kt-accordion-id2_c167cd-24 .kt-blocks-accordion-header:focus-visible{border-top-color:#eeeeee;border-top-style:solid;border-right-color:#eeeeee;border-right-style:solid;border-bottom-color:#eeeeee;border-bottom-style:solid;border-left-color:#eeeeee;border-left-style:solid;}.kt-accordion-id2_c167cd-24 .kt-accordion-header-wrap .kt-blocks-accordion-header:focus-visible,\n\t\t\t\t.kt-accordion-id2_c167cd-24 > .kt-accordion-inner-wrap > .wp-block-kadence-pane > .kt-accordion-header-wrap > .kt-blocks-accordion-header.kt-accordion-panel-active{border-top-color:#444444;border-top-style:solid;border-right-color:#444444;border-right-style:solid;border-bottom-color:#444444;border-bottom-style:solid;border-left-color:#444444;border-left-style:solid;}}<\/style>\n<div class=\"wp-block-kadence-accordion alignnone\"><div class=\"kt-accordion-wrap kt-accordion-id2_c167cd-24 kt-accordion-has-4-panes kt-active-pane-0 kt-accordion-block kt-pane-header-alignment-left kt-accodion-icon-style-basic kt-accodion-icon-side-right\" style=\"max-width:none\"><div class=\"kt-accordion-inner-wrap\" data-allow-multiple-open=\"true\" data-start-open=\"0\">\n<div class=\"wp-block-kadence-pane kt-accordion-pane kt-accordion-pane-1 kt-pane2_b17b0a-6b\"><div class=\"kt-accordion-header-wrap\"><button class=\"kt-blocks-accordion-header kt-acccordion-button-label-show\" type=\"button\"><span class=\"kt-blocks-accordion-title-wrap\"><span class=\"kt-blocks-accordion-title\"><strong>Juridiction et accr\u00e9ditation<\/strong><\/span><\/span><span class=\"kt-blocks-accordion-icon-trigger\"><\/span><\/button><\/div><div class=\"kt-accordion-panel kt-accordion-panel-hidden\"><div class=\"kt-accordion-panel-inner\">\n<p>L\u2019Ambassade de la R\u00e9publique du S\u00e9n\u00e9gal \u00e0 Berlin a \u00e9t\u00e9 ouverte en 1961 par le Pr\u00e9sident L\u00e9opold S\u00e9dar Senghor. En plus de l\u2019<strong>Allemagne,<\/strong> la juridiction de l\u2019Ambassade s\u2019\u00e9tend aussi \u00e0 l\u2019<strong>Autriche<\/strong> et la <strong>Hongrie<\/strong>.<\/p>\n\n\n\n<p>Le multilat\u00e9ral constitue aussi une part importante des activit\u00e9s de l\u2019Ambassade du S\u00e9n\u00e9gal \u00e0 Berlin qui fait office de Repr\u00e9sentation permanente aupr\u00e8s des Organisations internationales bas\u00e9es \u00e0 Vienne, \u00e0 Bonn et \u00e0 Hambourg. Il s\u2019agit, pour l\u2019essentiel&nbsp;:<\/p>\n\n\n\n<h5 class=\"wp-block-heading\"><strong>&#8211;<\/strong> <strong>des Organisations membres ou proches de la famille des Nations Unies<\/strong> bas\u00e9es a Vienne<\/h5>\n\n\n\n<ul class=\"wp-block-list\">\n<li><a href=\"https:\/\/www.unov.org\/\">Office des Nations Unies \u00e0 Vienne (ONUV)<\/a>&nbsp;; <\/li>\n\n\n\n<li><a href=\"https:\/\/www.iaea.org\/\">Agence internationale de l\u2019Energie atomique (AIEA)<\/a>&nbsp;; <\/li>\n\n\n\n<li><a href=\"https:\/\/www.unodc.org\/unodc\/\">Office des Nations Unies contre la Drogue et le Crime (ONDUC)<\/a>&nbsp;; <\/li>\n\n\n\n<li><a href=\"https:\/\/www.unido.org\/\">Organisation des Nations Unies pour le D\u00e9veloppement industriel (ONUDI)<\/a>&nbsp;; <\/li>\n\n\n\n<li><a href=\"https:\/\/uncitral.un.org\/\">Commission des Nations Unies pour le Droit commercial international (CNUDCI)<\/a>&nbsp;; <\/li>\n\n\n\n<li><a href=\"https:\/\/www.ctbto.org\/\">Commission pr\u00e9paratoire de l\u2019Organisation du Trait\u00e9 d\u2019Interdiction compl\u00e8te des Essais nucl\u00e9aires (OTICE\/CTBTO)<\/a>;<\/li>\n\n\n\n<li>le<a href=\"https:\/\/www.unov.org\/unov\/en\/unoosa.html\"> Bureau des Nations Unies pour les Affaires spatiales (UNOOSA)<\/a>;<\/li>\n\n\n\n<li><a href=\"https:\/\/www.unscear.org\/\">et le Comit\u00e9 scientifique des Nations Unies sur les Cons\u00e9quences des Emissions Radioactives (UNSCEAR)<\/a>,<\/li>\n\n\n\n<li> l\u2019 <a href=\"https:\/\/www.opec.org\/\">Organisation des Pays Exportateurs de P\u00e9trole (OPEP)&nbsp;<\/a>; et<\/li>\n<\/ul>\n\n\n\n<h5 class=\"wp-block-heading\"><strong>&#8211;<\/strong> <strong>des Organisations internationales bas\u00e9es en Allemagne<\/strong>&nbsp;:<\/h5>\n\n\n\n<ul class=\"wp-block-list\">\n<li><a href=\"https:\/\/unfccc.int\/\">Convention Cadre des Nations Unies sur les changements climatiques (CCNUCC)<\/a> et<\/li>\n\n\n\n<li><a href=\"https:\/\/www.un.org\/fr\/events\/desertification_decade\/convention.shtml\">Convention <\/a><a href=\"https:\/\/www.un.org\/\">des Nations Unies sur la lutte contre la D\u00e9sertification (CLD<\/a>), \u00e0 Bonn, et <\/li>\n\n\n\n<li><a href=\"https:\/\/www.itlos.org\/\">Tribunal international du droit de la Mer (ITLOS)<\/a>, \u00e0 Hambourg.<\/li>\n<\/ul>\n\n\n\n<p>Ces Organisations internationales pr\u00e9sentent un grand int\u00e9r\u00eat strat\u00e9gique et des nombreuses opportunit\u00e9s pour le S\u00e9n\u00e9gal et m\u00e9ritent, de ce fait, un suivi r\u00e9gulier.<\/p>\n<\/div><\/div><\/div>\n\n\n\n<div class=\"wp-block-kadence-pane kt-accordion-pane kt-accordion-pane-2 kt-pane2_9911d1-96\"><div class=\"kt-accordion-header-wrap\"><button class=\"kt-blocks-accordion-header kt-acccordion-button-label-show\" type=\"button\"><span class=\"kt-blocks-accordion-title-wrap\"><span class=\"kt-blocks-accordion-title\"><strong>L\u2019Ambassadeur<\/strong><\/span><\/span><span class=\"kt-blocks-accordion-icon-trigger\"><\/span><\/button><\/div><div class=\"kt-accordion-panel kt-accordion-panel-hidden\"><div class=\"kt-accordion-panel-inner\">\n<p>Depuis le 28 ao\u00fbt 2018, l\u2019Ambassade est dirig\u00e9e par Son Excellence Monsieur Cheikh Tidiane SALL, date \u00e0 laquelle il a pr\u00e9sent\u00e9 ses lettres de cr\u00e9ances \u00e0 Son Excellence Monsieur Frank-Walter STEINMEIER, Pr\u00e9sident de la R\u00e9publique f\u00e9d\u00e9rale d\u2019Allemagne.<\/p>\n<\/div><\/div><\/div>\n\n\n\n<div class=\"wp-block-kadence-pane kt-accordion-pane kt-accordion-pane-3 kt-pane2_39dbb9-49\"><div class=\"kt-accordion-header-wrap\"><button class=\"kt-blocks-accordion-header kt-acccordion-button-label-show\" type=\"button\"><span class=\"kt-blocks-accordion-title-wrap\"><span class=\"kt-blocks-accordion-title\"><strong>Missions et services<\/strong><\/span><\/span><span class=\"kt-blocks-accordion-icon-trigger\"><\/span><\/button><\/div><div class=\"kt-accordion-panel kt-accordion-panel-hidden\"><div class=\"kt-accordion-panel-inner\">\n<p>Conform\u00e9ment aux dispositions pertinentes de la Convention de Vienne sur les Relations diplomatiques du 18 avril 1961, la mission principale de l\u2019Ambassade est&nbsp;de :<strong><\/strong><\/p>\n\n\n\n<ul class=\"wp-block-list\">\n<li>Repr\u00e9senter le S\u00e9n\u00e9gal aupr\u00e8s des Etats accr\u00e9ditaires et des organisations internationales de sa juridiction ;<\/li>\n\n\n\n<li>Renforcer les relations d\u2019amiti\u00e9 et de coop\u00e9ration entre le S\u00e9n\u00e9gal et ces derniers&nbsp;;<\/li>\n\n\n\n<li>Prot\u00e9ger et promouvoir les int\u00e9r\u00eats du S\u00e9n\u00e9gal et de ses ressortissants dans le respect du droit international ainsi que des lois et r\u00e8glements des pays h\u00f4tes.<\/li>\n<\/ul>\n\n\n\n<p>Pour accomplir une telle mission, l\u2019Ambassade dispose&nbsp;de plusieurs sections&nbsp;:<\/p>\n\n\n\n<ul class=\"wp-block-list\">\n<li><strong>La section politique, \u00e9conomique et culturelle &#8211; <a href=\"mailto:info@botschaft-senegal.de\">info@botschaft-senegal.de<\/a><\/strong><br>Elle s\u2019occupe des questions relatives \u00e0 la coop\u00e9ration bilat\u00e9rale entre le S\u00e9n\u00e9gal et les pays de la juridiction.<br>En ce qui concerne l\u2019Allemagne, depuis 1960, elle entretient avec le S\u00e9n\u00e9gal des relations d\u2019amiti\u00e9 et de coop\u00e9ration qui se sont consid\u00e9rablement renforc\u00e9es ces derni\u00e8res ann\u00e9es, gr\u00e2ce \u00e0 une parfaite convergence de vues nourrie par des contacts r\u00e9guliers entre les plus hautes autorit\u00e9s des deux pays.<br>En effet, la visite officielle au S\u00e9n\u00e9gal, en ao\u00fbt 2018, de la Chanceli\u00e8re f\u00e9d\u00e9rale Mme Angela MERKEL, suivie de celles de son successeur M. Olaf SCHOLZ (en mai 2022) et du Pr\u00e9sident f\u00e9d\u00e9ral, M. Frank-Walter STEINMEIER (f\u00e9vrier 2022), mais aussi et surtout les s\u00e9jours fr\u00e9quents du Pr\u00e9sident Macky SALL \u00e0 Berlin o\u00f9 il a pris part \u00e0 toutes les Conf\u00e9rences du G20 sur le <em>Compact with Africa <\/em>lanc\u00e9 en 2017, ont permis de raffermir davantage les excellentes relations politiques qui existent entre les deux pays et d\u2019insuffler un dynamisme nouveau \u00e0 leur partenariat \u00e9conomique et commercial.<br>Ce climat de confiance a favoris\u00e9 une coop\u00e9ration riche et vari\u00e9e au titre de laquelle le S\u00e9n\u00e9gal b\u00e9n\u00e9ficie continuellement d\u2019importants financements ayant permis la r\u00e9alisation de projets et programmes dans des secteurs tels que l\u2019hydraulique, le transport, l\u2019\u00e9nergie, la sant\u00e9, l\u2019\u00e9ducation, les am\u00e9nagements hydro-agricoles, l\u2019environnement, la d\u00e9centralisation, la petite et moyenne entreprise, la promotion de la paix et de la coh\u00e9sion sociale, etc.<br>Les relations de coop\u00e9rations s\u00e9n\u00e9galo-allemandes sont entr\u00e9es dans une nouvelle phase \u00e0 la faveur du <em>Compact with Africa<\/em> qui a pour objectifs le renforcement des capacit\u00e9s des pays africains \u00e0 mobiliser des fonds propres et \u00e0 am\u00e9liorer leur performance, l\u2019augmentation des investissements priv\u00e9s et la mobilisation des capitaux priv\u00e9s avec de nouveaux instruments de soutien.<br>C\u2019est dans ce cadre que le S\u00e9n\u00e9gal et l\u2019Allemagne ont sign\u00e9, en novembre 2019, le \u00ab Partenariat pour encourager les Reformes \u00bb de l\u2019environnement des affaires touchant les secteurs de la fiscalit\u00e9, de la l\u00e9gislation du travail, du foncier, du financement et du d\u00e9veloppement des PME\/PMI, de la formation professionnelle, entre autres. Ce partenariat, qui vise l&rsquo;accroissement des investissements priv\u00e9s, le d\u00e9veloppement \u00e9conomique durable et la promotion de l&#8217;emploi, est devenu l\u2019un des principaux p\u00f4les de la coop\u00e9ration s\u00e9n\u00e9galo-allemande.<br>Au demeurant, depuis octobre 2022, les deux parties, tenant compte de la r\u00e9orientation strat\u00e9gique de la coop\u00e9ration allemande avec un nouveau concept baptis\u00e9 \u00ab\u00a0BMZ 2030\u00a0\u00bb destin\u00e9 \u00e0 apporter une r\u00e9ponse aux enjeux actuels et futurs en mati\u00e8re de d\u00e9veloppement, ont convenu d\u2019articuler leur coop\u00e9ration autour des th\u00e8mes cruciaux suivants&nbsp;:\n<ol class=\"wp-block-list\">\n<li>Paix et coh\u00e9sion soci\u00e9tale, avec comme champ d\u2019action \u00ab&nbsp;Bonne gouvernance&nbsp;\u00bb&nbsp;;<\/li>\n\n\n\n<li><span style=\"background-color: transparent; color: var(--theme-text-color); font-family: var(--theme-font-family); font-size: var(--theme-font-size); font-style: var(--theme-font-style, inherit); font-weight: var(--theme-font-weight); letter-spacing: var(--theme-letter-spacing); text-transform: var(--theme-text-transform);\">D\u00e9veloppement \u00e9conomique durable, formation et emploi, ayant pour champs d\u2019action \u00ab&nbsp;Formation professionnelle&nbsp;\u00bb et \u00ab&nbsp;D\u00e9veloppement du secteur priv\u00e9 et des syst\u00e8mes financiers&nbsp;\u00bb&nbsp;;<\/span><\/li>\n\n\n\n<li><span style=\"background-color: transparent; color: var(--theme-text-color); font-family: var(--theme-font-family); font-size: var(--theme-font-size); font-style: var(--theme-font-style, inherit); font-weight: var(--theme-font-weight); letter-spacing: var(--theme-letter-spacing); text-transform: var(--theme-text-transform);\">Climat et \u00e9nergie, transition juste, avec comme champs d\u2019action \u00ab&nbsp;Energies renouvelables et efficacit\u00e9 \u00e9nerg\u00e9tique&nbsp;\u00bb et \u00ab&nbsp;D\u00e9veloppement urbain durable&nbsp;\u00bb&nbsp;; et<\/span><\/li>\n\n\n\n<li>Sant\u00e9, protection sociale et politique d\u00e9mographique&nbsp;\u00bb avec comme champ d\u2019action \u00ab&nbsp;Sant\u00e9, pand\u00e9mies et <em>One Health&nbsp;<\/em>\u00bb.<\/li>\n<\/ol>\n<\/li>\n\n\n\n<li><strong>La section consulaire <em>(<\/em><a href=\"mailto:consulat@botschaft-senegal.de\"><em>consulat@botschaft-senegal.de<\/em><\/a><em>&nbsp;\u2013&nbsp;<\/em><a href=\"mailto:info@botschaft-senegal.de\"><em>info@botschaft-senegal.de<\/em><\/a><em>)<\/em><\/strong><br>Elle est charg\u00e9e de l\u2019ex\u00e9cution des t\u00e2ches consulaires de l\u2019Ambassade, \u00e0 savoir, la d\u00e9livrance de divers documents et pi\u00e8ces d\u2019\u00e9tat civil, l\u2019assistance aux S\u00e9n\u00e9galais en situation difficile, ainsi que les missions de sensibilisation et d\u2019\u00e9changes avec les compatriotes \u00e9tablis dans la juridiction.<br>Parmi les activit\u00e9s de la section consulaire, on peut relever&nbsp;:\n<ul class=\"wp-block-list\">\n<li>la transcription des actes de naissance et de d\u00e9c\u00e8s et la d\u00e9livrance des extraits y aff\u00e9rents&nbsp;;<\/li>\n\n\n\n<li><span style=\"background-color: transparent; color: var(--theme-text-color); font-family: var(--theme-font-family); font-size: var(--theme-font-size); font-style: var(--theme-font-style, inherit); font-weight: var(--theme-font-weight); letter-spacing: var(--theme-letter-spacing); text-transform: var(--theme-text-transform);\">l\u2019immatriculation consulaire&nbsp;;<\/span><\/li>\n\n\n\n<li><span style=\"background-color: transparent; color: var(--theme-text-color); font-family: var(--theme-font-family); font-size: var(--theme-font-size); font-style: var(--theme-font-style, inherit); font-weight: var(--theme-font-weight); letter-spacing: var(--theme-letter-spacing); text-transform: var(--theme-text-transform);\">l\u2019\u00e9tablissement de passeports&nbsp;;<\/span><\/li>\n\n\n\n<li><span style=\"background-color: transparent; color: var(--theme-text-color); font-family: var(--theme-font-family); font-size: var(--theme-font-size); font-style: var(--theme-font-style, inherit); font-weight: var(--theme-font-weight); letter-spacing: var(--theme-letter-spacing); text-transform: var(--theme-text-transform);\">la d\u00e9livrance de laissez-passer&nbsp;;<\/span><\/li>\n\n\n\n<li><span style=\"background-color: transparent; color: var(--theme-text-color); font-family: var(--theme-font-family); font-size: var(--theme-font-size); font-style: var(--theme-font-style, inherit); font-weight: var(--theme-font-weight); letter-spacing: var(--theme-letter-spacing); text-transform: var(--theme-text-transform);\">le traitement des demandes de perte de nationalit\u00e9&nbsp;;<\/span><\/li>\n\n\n\n<li><span style=\"background-color: transparent; color: var(--theme-text-color); font-family: var(--theme-font-family); font-size: var(--theme-font-size); font-style: var(--theme-font-style, inherit); font-weight: var(--theme-font-weight); letter-spacing: var(--theme-letter-spacing); text-transform: var(--theme-text-transform);\">le traitement des demandes de visa&nbsp;; et<\/span><\/li>\n\n\n\n<li>la l\u00e9galisation de documents.<strong><br><\/strong><\/li>\n<\/ul>\n<\/li>\n\n\n\n<li><strong><strong>L\u00b4Attach\u00e9 militaire <\/strong>(<a href=\"mailto:amna@botschaft-senegal.de\">amna@botschaft-senegal.de<\/a>)<br><\/strong>L\u2019attach\u00e9 militaire est charg\u00e9 du suivi de la coop\u00e9ration bilat\u00e9rale dans les domaines de la d\u00e9fense et de la s\u00e9curit\u00e9.<br>Il apporte, par ailleurs, son concours au traitement des dossiers ayant un caract\u00e8re strat\u00e9gique et conseille l\u00b4Ambassadeur dans la formulation des mesures visant a assurer la s\u00e9curit\u00e9 des locaux de l\u00b4Ambassade.<\/li>\n<\/ul>\n<\/div><\/div><\/div>\n\n\n\n<div class=\"wp-block-kadence-pane kt-accordion-pane kt-accordion-pane-4 kt-pane2_552626-68\"><div class=\"kt-accordion-header-wrap\"><button class=\"kt-blocks-accordion-header kt-acccordion-button-label-show\" type=\"button\"><span class=\"kt-blocks-accordion-title-wrap\"><span class=\"kt-blocks-accordion-title\"><strong>Les consulats honoraires<\/strong><\/span><\/span><span class=\"kt-blocks-accordion-icon-trigger\"><\/span><\/button><\/div><div class=\"kt-accordion-panel kt-accordion-panel-hidden\"><div class=\"kt-accordion-panel-inner\">\n<p>Les consuls honoraires sont des personnalit\u00e9s, le plus souvent des citoyens du pays d\u2019accueil, qui ont accept\u00e9 d\u2019exercer localement des fonctions de repr\u00e9sentation et une mission g\u00e9n\u00e9rale d\u2019appui et de relais de l\u2019action diplomatique, culturelle et \u00e9conomique du S\u00e9n\u00e9gal. Ils ne sont pas des agents de l\u2019Etat mais des particuliers qui exercent leurs fonctions \u00e0 titre b\u00e9n\u00e9vole, sous le contr\u00f4le et la responsabilit\u00e9 du Chef de mission. &nbsp;<\/p>\n\n\n\n<p>De mani\u00e8re g\u00e9n\u00e9rale, ces Consuls honoraires servent de relais aupr\u00e8s des S\u00e9n\u00e9galais \u00e9tablis dans leurs circonscriptions respectives o\u00f9 ils contribuent \u00e0 leur protection consulaire et \u00e0 la pr\u00e9servation de leurs int\u00e9r\u00eats. En plus, ils m\u00e8nent des actions pour soutenir le d\u00e9veloppement \u00e9conomique du S\u00e9n\u00e9gal \u00e0 travers, la promotion des investissements \u00e9trangers, l\u2019accroissement des relations \u00e9conomiques, culturelles et touristiques, entre autres.<\/p>\n\n\n\n<h3 class=\"wp-block-heading has-medium-font-size\">Consuls honoraires de la juridiction en R\u00e9publique f\u00e9d\u00e9rale d&rsquo;Allemagne<\/h3>\n\n\n\n<figure class=\"wp-block-table is-style-regular\"><table class=\"has-border-color has-palette-color-3-border-color\"><thead><tr><th>Juridiction<\/th><th>Pr\u00e9noms et NOM <\/th><th>Adresse<\/th><th>jours ouvrables<\/th><\/tr><\/thead><tbody><tr><td>Hambourg \/ Schleswig-Holstein<\/td><td>M. Dieter H\u00c4RTHE<\/td><td>Elbchaussee 54<br>22765 Hambourg, <br>Tel: 040\/85 35 86 57 \/ 59<br>Fax: 040\/85 35 8 649<\/td><td>Lundi: 17h &#8211; 19h<br>Jeudi: 10h &#8211; 12h 30<br>Veudredi: 10h 00 &#8211; 13h 30<\/td><\/tr><tr><td>Rh\u00e9nanie du Nord Westphalie \/ Basse Saxe<\/td><td>Mme Ute-Henriette OHOVEN<\/td><td>Postfach 10 30 54<br>40 021 DUSSELDORF<br>Grafenberger Allee 87<br>40237 DUSSELDORF<br>Tel: 0211\/61 43 61 <br>Fax: 0211\/61 4400<\/td><td>Mardi \u00e0 jeudi: 10h \u00e0 16h<\/td><\/tr><tr><td>Bavi\u00e8re, Saxe et Thuringe<\/td><td>M. Nikolaus von Johnston<\/td><td>Balanstra\u00dfe 73\/Gb 09, 81541 M\u00fcnchen<br>Tel.: +49 89 219914-25&nbsp;&nbsp;<br>E-Mail:&nbsp;<a href=\"mailto:ap@honorarkonsulat-senegal.de\">ap@honorarkonsulat-senegal.de<\/a><\/td><td>&nbsp;Mercredi et Jeudi de 10h00 \u00e0 12h30<\/td><\/tr><tr><td>Bade-Wurtemberg et Rh\u00e9nanie-Palatinat<\/td><td><\/td><td><\/td><td><\/td><\/tr><\/tbody><\/table><figcaption class=\"wp-element-caption\">Les  consuls honoraires du S\u00e9n\u00e9gal en Allemagne<\/figcaption><\/figure>\n\n\n\n<h3 class=\"wp-block-heading has-medium-font-size\">Consuls honoraires en R\u00e9publique d&rsquo;Autriche<\/h3>\n\n\n\n<figure class=\"wp-block-table is-style-regular\"><table class=\"has-border-color has-palette-color-3-border-color\"><thead><tr><th>Juridiction<\/th><th>Pr\u00e9noms et NOM<\/th><th>Adresse<\/th><th>Jours ouvrables<\/th><\/tr><\/thead><tbody><tr><td>Vienne \/ Basse Autriche \/ Burgenland \/ Styrie \/ Haute Autriche<\/td><td>M. Mag. GAUGELER<\/td><td>Girardigasse 6<br>A-10160 Vienne<br>Tel\/fax: 00 43 1 512 85 76<\/td><td>Jeudi 12h &#8211; 16h<\/td><\/tr><tr><td>Salzbourg et Karnten<\/td><td>Mme Martina\u00a0 KUTSCHA<\/td><td>A &#8211; 5020 Salzbourg <br>Pausingerstra\u00dfe10<br>Tel: 0043 662 64 84 84<br>Fax: 0043.662.64.84.846<br>Email: office@kutscha.at<\/td><td>Jeudi: 09h -12h<\/td><\/tr><\/tbody><\/table><\/figure>\n<\/div><\/div><\/div>\n<\/div><\/div><\/div>\n\n\n<style>.kb-row-layout-id2_d87fcf-dd > .kt-row-column-wrap{align-content:start;}:where(.kb-row-layout-id2_d87fcf-dd > .kt-row-column-wrap) > .wp-block-kadence-column{justify-content:start;}.kb-row-layout-id2_d87fcf-dd > .kt-row-column-wrap{column-gap:var(--global-kb-gap-md, 2rem);row-gap:var(--global-kb-gap-md, 2rem);padding-top:var(--global-kb-spacing-sm, 1.5rem);padding-bottom:var(--global-kb-spacing-sm, 1.5rem);grid-template-columns:minmax(0, 1fr);}.kb-row-layout-id2_d87fcf-dd > .kt-row-layout-overlay{opacity:0.30;}@media all and (max-width: 1024px){.kb-row-layout-id2_d87fcf-dd > .kt-row-column-wrap{grid-template-columns:minmax(0, 1fr);}}@media all and (max-width: 767px){.kb-row-layout-id2_d87fcf-dd > .kt-row-column-wrap{grid-template-columns:minmax(0, 1fr);}}<\/style><div class=\"kb-row-layout-wrap kb-row-layout-id2_d87fcf-dd alignnone wp-block-kadence-rowlayout\"><div class=\"kt-row-column-wrap kt-has-1-columns kt-row-layout-equal kt-tab-layout-inherit kt-mobile-layout-row kt-row-valign-top\">\n<style>.kadence-column2_b930cb-55 > .kt-inside-inner-col,.kadence-column2_b930cb-55 > .kt-inside-inner-col:before{border-top-left-radius:0px;border-top-right-radius:0px;border-bottom-right-radius:0px;border-bottom-left-radius:0px;}.kadence-column2_b930cb-55 > .kt-inside-inner-col{column-gap:var(--global-kb-gap-sm, 1rem);}.kadence-column2_b930cb-55 > .kt-inside-inner-col{flex-direction:column;}.kadence-column2_b930cb-55 > .kt-inside-inner-col > .aligncenter{width:100%;}.kadence-column2_b930cb-55 > .kt-inside-inner-col:before{opacity:0.3;}.kadence-column2_b930cb-55{position:relative;}@media all and (max-width: 1024px){.kadence-column2_b930cb-55 > .kt-inside-inner-col{flex-direction:column;justify-content:center;}}@media all and (max-width: 767px){.kadence-column2_b930cb-55 > .kt-inside-inner-col{flex-direction:column;justify-content:center;}}<\/style>\n<div class=\"wp-block-kadence-column kadence-column2_b930cb-55\"><div class=\"kt-inside-inner-col\">\n<div class=\"wp-block-group is-content-justification-right is-nowrap is-layout-flex wp-container-core-group-is-layout-17124a9a wp-block-group-is-layout-flex\">\n<p class=\"has-text-align-right has-small-font-size\" style=\"padding-right:0\">Retourner en haut <\/p>\n\n\n<style>.kt-svg-icons2_3c3aa0-2f .kt-svg-item-0 .kb-svg-icon-wrap{color:var(--global-palette4, #2D3748);font-size:50px;}.wp-block-kadence-icon.kt-svg-icons2_3c3aa0-2f{justify-content:center;}<\/style>\n<div class=\"wp-block-kadence-icon kt-svg-icons kt-svg-icons2_3c3aa0-2f alignnone\"><style>.kt-svg-item-2_2f468c-de .kb-svg-icon-wrap, .kt-svg-style-stacked.kt-svg-item-2_2f468c-de .kb-svg-icon-wrap{color:var(--theme-palette-color-4, #192a3d);font-size:50px;}.kt-svg-item-2_2f468c-de:hover .kb-svg-icon-wrap{color:var(--theme-palette-color-2, #1559ed);}<\/style>\n<div class=\"wp-block-kadence-single-icon kt-svg-style-default kt-svg-icon-wrap kt-svg-item-2_2f468c-de\"><a href=\"#\" class=\"kt-svg-icon-link\"><span class=\"kb-svg-icon-wrap kb-svg-icon-fe_arrowUp\"><svg viewBox=\"0 0 24 24\"  fill=\"none\" stroke=\"currentColor\" stroke-width=\"2\" stroke-linecap=\"round\" stroke-linejoin=\"round\" xmlns=\"http:\/\/www.w3.org\/2000\/svg\"  aria-hidden=\"true\"><line x1=\"12\" y1=\"19\" x2=\"12\" y2=\"5\"\/><polyline points=\"5 12 12 5 19 12\"\/><\/svg><\/span><\/a><\/div>\n<\/div>\n<\/div>\n<\/div><\/div>\n\n<\/div><\/div>","protected":false},"excerpt":{"rendered":"<p>L&rsquo;Ambassade Retourner en haut<\/p>","protected":false},"author":1,"featured_media":0,"parent":0,"menu_order":0,"comment_status":"closed","ping_status":"closed","template":"","meta":{"footnotes":""},"class_list":["post-2","page","type-page","status-publish","hentry"],"blocksy_meta":[],"yoast_head":"<!-- This site is optimized with the Yoast SEO plugin v27.5 - https:\/\/yoast.com\/product\/yoast-seo-wordpress\/ -->\n<title>L&#039;Ambassade - Ambassade du S&eacute;n&eacute;gal en Allemagne<\/title>\n<meta name=\"description\" content=\"Ambassade S\u00e9n\u00e9gal -Diplomatie - Passeport - Visa - Tourisme - Investissement --- Senegalische Botschaft in Deutschland \u2013 Diplomatie \u2013 Reisepass \u2013 Visum \u2013 Tourismus \u2013 Investition --- Embassy of Senegal \u2013 Diplomacy \u2013 Passport \u2013 Visa \u2013 Tourism \u2013 Investment\" \/>\n<meta name=\"robots\" content=\"index, follow, max-snippet:-1, max-image-preview:large, max-video-preview:-1\" \/>\n<link rel=\"canonical\" href=\"https:\/\/botschaft-senegal.de\/de\/ambassade\/\" \/>\n<meta property=\"og:locale\" content=\"de_DE\" \/>\n<meta property=\"og:type\" content=\"article\" \/>\n<meta property=\"og:title\" content=\"L&#039;Ambassade - Ambassade du S&eacute;n&eacute;gal en Allemagne\" \/>\n<meta property=\"og:description\" content=\"Ambassade S\u00e9n\u00e9gal -Diplomatie - Passeport - Visa - Tourisme - Investissement --- Senegalische Botschaft in Deutschland \u2013 Diplomatie \u2013 Reisepass \u2013 Visum \u2013 Tourismus \u2013 Investition --- Embassy of Senegal \u2013 Diplomacy \u2013 Passport \u2013 Visa \u2013 Tourism \u2013 Investment\" \/>\n<meta property=\"og:url\" content=\"https:\/\/botschaft-senegal.de\/de\/ambassade\/\" \/>\n<meta property=\"og:site_name\" content=\"Ambassade du S&eacute;n&eacute;gal en Allemagne\" \/>\n<meta property=\"article:modified_time\" content=\"2025-09-11T10:38:46+00:00\" \/>\n<meta property=\"og:image\" content=\"https:\/\/botschaft-senegal.de\/wp-content\/uploads\/2023\/08\/flag.jpg\" \/>\n\t<meta property=\"og:image:width\" content=\"266\" \/>\n\t<meta property=\"og:image:height\" content=\"198\" \/>\n\t<meta property=\"og:image:type\" content=\"image\/jpeg\" \/>\n<meta name=\"twitter:card\" content=\"summary_large_image\" \/>\n<meta name=\"twitter:label1\" content=\"Gesch\u00e4tzte Lesezeit\" \/>\n\t<meta name=\"twitter:data1\" content=\"7 Minuten\" \/>\n<script type=\"application\/ld+json\" class=\"yoast-schema-graph\">{\"@context\":\"https:\\\/\\\/schema.org\",\"@graph\":[{\"@type\":\"WebPage\",\"@id\":\"https:\\\/\\\/botschaft-senegal.de\\\/ambassade\\\/\",\"url\":\"https:\\\/\\\/botschaft-senegal.de\\\/ambassade\\\/\",\"name\":\"L'Ambassade - Ambassade du S&eacute;n&eacute;gal en Allemagne\",\"isPartOf\":{\"@id\":\"https:\\\/\\\/botschaft-senega-r4b19ptaoc.live-website.com\\\/#website\"},\"datePublished\":\"2023-07-12T11:01:29+00:00\",\"dateModified\":\"2025-09-11T10:38:46+00:00\",\"description\":\"Ambassade S\u00e9n\u00e9gal -Diplomatie - Passeport - Visa - Tourisme - Investissement --- Senegalische Botschaft in Deutschland \u2013 Diplomatie \u2013 Reisepass \u2013 Visum \u2013 Tourismus \u2013 Investition --- Embassy of Senegal \u2013 Diplomacy \u2013 Passport \u2013 Visa \u2013 Tourism \u2013 Investment\",\"breadcrumb\":{\"@id\":\"https:\\\/\\\/botschaft-senegal.de\\\/ambassade\\\/#breadcrumb\"},\"inLanguage\":\"de\",\"potentialAction\":[{\"@type\":\"ReadAction\",\"target\":[\"https:\\\/\\\/botschaft-senegal.de\\\/ambassade\\\/\"]}]},{\"@type\":\"BreadcrumbList\",\"@id\":\"https:\\\/\\\/botschaft-senegal.de\\\/ambassade\\\/#breadcrumb\",\"itemListElement\":[{\"@type\":\"ListItem\",\"position\":1,\"name\":\"Accueil\",\"item\":\"https:\\\/\\\/botschaft-senegal.de\\\/\"},{\"@type\":\"ListItem\",\"position\":2,\"name\":\"L&rsquo;Ambassade\"}]},{\"@type\":\"WebSite\",\"@id\":\"https:\\\/\\\/botschaft-senega-r4b19ptaoc.live-website.com\\\/#website\",\"url\":\"https:\\\/\\\/botschaft-senega-r4b19ptaoc.live-website.com\\\/\",\"name\":\"Ambassade du S\u00e9n\u00e9gal \u00e0 Berlin\",\"description\":\"Ambassade du S&eacute;n&eacute;gal &agrave; Berlin\",\"publisher\":{\"@id\":\"https:\\\/\\\/botschaft-senega-r4b19ptaoc.live-website.com\\\/#organization\"},\"alternateName\":\"Botschaft Senegal\",\"potentialAction\":[{\"@type\":\"SearchAction\",\"target\":{\"@type\":\"EntryPoint\",\"urlTemplate\":\"https:\\\/\\\/botschaft-senega-r4b19ptaoc.live-website.com\\\/?s={search_term_string}\"},\"query-input\":{\"@type\":\"PropertyValueSpecification\",\"valueRequired\":true,\"valueName\":\"search_term_string\"}}],\"inLanguage\":\"de\"},{\"@type\":\"Organization\",\"@id\":\"https:\\\/\\\/botschaft-senega-r4b19ptaoc.live-website.com\\\/#organization\",\"name\":\"Ambassade du S\u00e9n\u00e9gal \u00e0 Berlin - Botschaft Senegal\",\"alternateName\":\"Botschaft senegal\",\"url\":\"https:\\\/\\\/botschaft-senega-r4b19ptaoc.live-website.com\\\/\",\"logo\":{\"@type\":\"ImageObject\",\"inLanguage\":\"de\",\"@id\":\"https:\\\/\\\/botschaft-senega-r4b19ptaoc.live-website.com\\\/#\\\/schema\\\/logo\\\/image\\\/\",\"url\":\"https:\\\/\\\/botschaft-senegal.de\\\/wp-content\\\/uploads\\\/2023\\\/07\\\/logo.svg.png\",\"contentUrl\":\"https:\\\/\\\/botschaft-senegal.de\\\/wp-content\\\/uploads\\\/2023\\\/07\\\/logo.svg.png\",\"width\":200,\"height\":237,\"caption\":\"Ambassade du S\u00e9n\u00e9gal \u00e0 Berlin - Botschaft Senegal\"},\"image\":{\"@id\":\"https:\\\/\\\/botschaft-senega-r4b19ptaoc.live-website.com\\\/#\\\/schema\\\/logo\\\/image\\\/\"}}]}<\/script>\n<!-- \/ Yoast SEO plugin. -->","yoast_head_json":{"title":"L'Ambassade - Ambassade du S&eacute;n&eacute;gal en Allemagne","description":"Ambassade S\u00e9n\u00e9gal -Diplomatie - Passeport - Visa - Tourisme - Investissement --- Senegalische Botschaft in Deutschland \u2013 Diplomatie \u2013 Reisepass \u2013 Visum \u2013 Tourismus \u2013 Investition --- Embassy of Senegal \u2013 Diplomacy \u2013 Passport \u2013 Visa \u2013 Tourism \u2013 Investment","robots":{"index":"index","follow":"follow","max-snippet":"max-snippet:-1","max-image-preview":"max-image-preview:large","max-video-preview":"max-video-preview:-1"},"canonical":"https:\/\/botschaft-senegal.de\/de\/ambassade\/","og_locale":"de_DE","og_type":"article","og_title":"L'Ambassade - Ambassade du S&eacute;n&eacute;gal en Allemagne","og_description":"Ambassade S\u00e9n\u00e9gal -Diplomatie - Passeport - Visa - Tourisme - Investissement --- Senegalische Botschaft in Deutschland \u2013 Diplomatie \u2013 Reisepass \u2013 Visum \u2013 Tourismus \u2013 Investition --- Embassy of Senegal \u2013 Diplomacy \u2013 Passport \u2013 Visa \u2013 Tourism \u2013 Investment","og_url":"https:\/\/botschaft-senegal.de\/de\/ambassade\/","og_site_name":"Ambassade du S&eacute;n&eacute;gal en Allemagne","article_modified_time":"2025-09-11T10:38:46+00:00","og_image":[{"width":266,"height":198,"url":"https:\/\/botschaft-senegal.de\/wp-content\/uploads\/2023\/08\/flag.jpg","type":"image\/jpeg"}],"twitter_card":"summary_large_image","twitter_misc":{"Gesch\u00e4tzte Lesezeit":"7 Minuten"},"schema":{"@context":"https:\/\/schema.org","@graph":[{"@type":"WebPage","@id":"https:\/\/botschaft-senegal.de\/ambassade\/","url":"https:\/\/botschaft-senegal.de\/ambassade\/","name":"L'Ambassade - Ambassade du S&eacute;n&eacute;gal en Allemagne","isPartOf":{"@id":"https:\/\/botschaft-senega-r4b19ptaoc.live-website.com\/#website"},"datePublished":"2023-07-12T11:01:29+00:00","dateModified":"2025-09-11T10:38:46+00:00","description":"Ambassade S\u00e9n\u00e9gal -Diplomatie - Passeport - Visa - Tourisme - Investissement --- Senegalische Botschaft in Deutschland \u2013 Diplomatie \u2013 Reisepass \u2013 Visum \u2013 Tourismus \u2013 Investition --- Embassy of Senegal \u2013 Diplomacy \u2013 Passport \u2013 Visa \u2013 Tourism \u2013 Investment","breadcrumb":{"@id":"https:\/\/botschaft-senegal.de\/ambassade\/#breadcrumb"},"inLanguage":"de","potentialAction":[{"@type":"ReadAction","target":["https:\/\/botschaft-senegal.de\/ambassade\/"]}]},{"@type":"BreadcrumbList","@id":"https:\/\/botschaft-senegal.de\/ambassade\/#breadcrumb","itemListElement":[{"@type":"ListItem","position":1,"name":"Accueil","item":"https:\/\/botschaft-senegal.de\/"},{"@type":"ListItem","position":2,"name":"L&rsquo;Ambassade"}]},{"@type":"WebSite","@id":"https:\/\/botschaft-senega-r4b19ptaoc.live-website.com\/#website","url":"https:\/\/botschaft-senega-r4b19ptaoc.live-website.com\/","name":"Ambassade du S\u00e9n\u00e9gal \u00e0 Berlin","description":"Ambassade du S&eacute;n&eacute;gal &agrave; Berlin","publisher":{"@id":"https:\/\/botschaft-senega-r4b19ptaoc.live-website.com\/#organization"},"alternateName":"Botschaft Senegal","potentialAction":[{"@type":"SearchAction","target":{"@type":"EntryPoint","urlTemplate":"https:\/\/botschaft-senega-r4b19ptaoc.live-website.com\/?s={search_term_string}"},"query-input":{"@type":"PropertyValueSpecification","valueRequired":true,"valueName":"search_term_string"}}],"inLanguage":"de"},{"@type":"Organization","@id":"https:\/\/botschaft-senega-r4b19ptaoc.live-website.com\/#organization","name":"Ambassade du S\u00e9n\u00e9gal \u00e0 Berlin - Botschaft Senegal","alternateName":"Botschaft senegal","url":"https:\/\/botschaft-senega-r4b19ptaoc.live-website.com\/","logo":{"@type":"ImageObject","inLanguage":"de","@id":"https:\/\/botschaft-senega-r4b19ptaoc.live-website.com\/#\/schema\/logo\/image\/","url":"https:\/\/botschaft-senegal.de\/wp-content\/uploads\/2023\/07\/logo.svg.png","contentUrl":"https:\/\/botschaft-senegal.de\/wp-content\/uploads\/2023\/07\/logo.svg.png","width":200,"height":237,"caption":"Ambassade du S\u00e9n\u00e9gal \u00e0 Berlin - Botschaft Senegal"},"image":{"@id":"https:\/\/botschaft-senega-r4b19ptaoc.live-website.com\/#\/schema\/logo\/image\/"}}]}},"_links":{"self":[{"href":"https:\/\/botschaft-senegal.de\/de\/wp-json\/wp\/v2\/pages\/2","targetHints":{"allow":["GET"]}}],"collection":[{"href":"https:\/\/botschaft-senegal.de\/de\/wp-json\/wp\/v2\/pages"}],"about":[{"href":"https:\/\/botschaft-senegal.de\/de\/wp-json\/wp\/v2\/types\/page"}],"author":[{"embeddable":true,"href":"https:\/\/botschaft-senegal.de\/de\/wp-json\/wp\/v2\/users\/1"}],"replies":[{"embeddable":true,"href":"https:\/\/botschaft-senegal.de\/de\/wp-json\/wp\/v2\/comments?post=2"}],"version-history":[{"count":81,"href":"https:\/\/botschaft-senegal.de\/de\/wp-json\/wp\/v2\/pages\/2\/revisions"}],"predecessor-version":[{"id":1276,"href":"https:\/\/botschaft-senegal.de\/de\/wp-json\/wp\/v2\/pages\/2\/revisions\/1276"}],"wp:attachment":[{"href":"https:\/\/botschaft-senegal.de\/de\/wp-json\/wp\/v2\/media?parent=2"}],"curies":[{"name":"wp","href":"https:\/\/api.w.org\/{rel}","templated":true}]}}