{"id":209,"date":"2023-08-03T23:04:05","date_gmt":"2023-08-03T21:04:05","guid":{"rendered":"https:\/\/botschaft-senegal.de\/?page_id=209"},"modified":"2023-12-14T11:30:28","modified_gmt":"2023-12-14T10:30:28","slug":"senegal","status":"publish","type":"page","link":"https:\/\/botschaft-senegal.de\/de\/senegal\/","title":{"rendered":"A propos du S\u00e9n\u00e9gal"},"content":{"rendered":"<h2 class=\"wp-block-heading\">\u00dcberblick<\/h2>\n\n\n\n<div class=\"wp-block-columns is-layout-flex wp-container-core-columns-is-layout-28f84493 wp-block-columns-is-layout-flex\">\n<div class=\"wp-block-column is-layout-flow wp-block-column-is-layout-flow\" style=\"flex-basis:33.33%\"><style>.kb-image209_68441a-b8 .kb-image-has-overlay:after{opacity:0.3;}<\/style>\n<div class=\"wp-block-kadence-image kb-image209_68441a-b8\"><figure class=\"aligncenter size-full image-is-svg\"><img decoding=\"async\" src=\"https:\/\/botschaft-senegal.de\/wp-content\/uploads\/2023\/08\/Carte-Senegal.svg\" alt=\"Carte du S\u00e9n\u00e9gal\" class=\"kb-img wp-image-310\"\/><figcaption>Carte du S\u00e9n\u00e9gal<\/figcaption><\/figure><\/div>\n\n\n<style>.kb-image209_305e0d-35 .kb-image-has-overlay:after{opacity:0.3;}<\/style>\n<div class=\"wp-block-kadence-image kb-image209_305e0d-35\"><figure class=\"aligncenter size-full\"><img loading=\"lazy\" decoding=\"async\" width=\"266\" height=\"198\" src=\"https:\/\/botschaft-senegal.de\/wp-content\/uploads\/2023\/08\/flag.jpg\" alt=\"Drapeau du S\u00e9n\u00e9gal\" class=\"kb-img wp-image-313\"\/><figcaption>Drapeau du S\u00e9n\u00e9gal<\/figcaption><\/figure><\/div>\n\n\n<style>.kb-image209_45b15a-32 .kb-image-has-overlay:after{opacity:0.3;}<\/style>\n<div class=\"wp-block-kadence-image kb-image209_45b15a-32\"><figure class=\"aligncenter size-full\"><img loading=\"lazy\" decoding=\"async\" width=\"200\" height=\"237\" src=\"https:\/\/botschaft-senegal.de\/wp-content\/uploads\/2023\/07\/logo.svg.png\" alt=\"Les armoiries du S\u00e9n\u00e9gal\" class=\"kb-img wp-image-52\" title=\"Les armoiries du S\u00e9n\u00e9gal\"\/><figcaption>Les armoiries du S\u00e9n\u00e9gal<\/figcaption><\/figure><\/div>\n<\/div>\n\n\n\n<div class=\"wp-block-column is-layout-flow wp-block-column-is-layout-flow\" style=\"flex-basis:66.66%\"><style>.kt-accordion-id209_2f07d7-db .kt-accordion-inner-wrap{column-gap:var(--global-kb-gap-md, 2rem);row-gap:8px;}.kt-accordion-id209_2f07d7-db .kt-accordion-panel-inner{border-top:0px solid transparent;border-right:0px solid transparent;border-bottom:0px solid transparent;border-left:0px solid transparent;background:#ffffff;padding-top:var(--global-kb-spacing-sm, 1.5rem);padding-right:var(--global-kb-spacing-sm, 1.5rem);padding-bottom:var(--global-kb-spacing-sm, 1.5rem);padding-left:var(--global-kb-spacing-sm, 1.5rem);}.kt-accordion-id209_2f07d7-db > .kt-accordion-inner-wrap > .wp-block-kadence-pane > .kt-accordion-header-wrap > .kt-blocks-accordion-header{border-top:0px solid #f2f2f2;border-right:0px solid #f2f2f2;border-bottom:4px solid #f2f2f2;border-left:0px solid #f2f2f2;border-top-left-radius:0px;border-top-right-radius:0px;border-bottom-right-radius:0px;border-bottom-left-radius:0px;background:#ffffff;color:#444444;padding-top:14px;padding-right:10px;padding-bottom:6px;padding-left:16px;}.kt-accordion-id209_2f07d7-db:not( .kt-accodion-icon-style-basiccircle ):not( .kt-accodion-icon-style-xclosecircle ):not( .kt-accodion-icon-style-arrowcircle )  > .kt-accordion-inner-wrap > .wp-block-kadence-pane > .kt-accordion-header-wrap .kt-blocks-accordion-icon-trigger:after, .kt-accordion-id209_2f07d7-db:not( .kt-accodion-icon-style-basiccircle ):not( .kt-accodion-icon-style-xclosecircle ):not( .kt-accodion-icon-style-arrowcircle )  > .kt-accordion-inner-wrap > .wp-block-kadence-pane > .kt-accordion-header-wrap .kt-blocks-accordion-icon-trigger:before{background:#444444;}.kt-accordion-id209_2f07d7-db:not( .kt-accodion-icon-style-basic ):not( .kt-accodion-icon-style-xclose ):not( .kt-accodion-icon-style-arrow ) .kt-blocks-accordion-icon-trigger{background:#444444;}.kt-accordion-id209_2f07d7-db:not( .kt-accodion-icon-style-basic ):not( .kt-accodion-icon-style-xclose ):not( .kt-accodion-icon-style-arrow ) .kt-blocks-accordion-icon-trigger:after, .kt-accordion-id209_2f07d7-db:not( .kt-accodion-icon-style-basic ):not( .kt-accodion-icon-style-xclose ):not( .kt-accodion-icon-style-arrow ) .kt-blocks-accordion-icon-trigger:before{background:#ffffff;}.kt-accordion-id209_2f07d7-db > .kt-accordion-inner-wrap > .wp-block-kadence-pane > .kt-accordion-header-wrap > .kt-blocks-accordion-header:hover, \n\t\t\t\tbody:not(.hide-focus-outline) .kt-accordion-id209_2f07d7-db .kt-blocks-accordion-header:focus-visible{color:#444444;background:#ffffff;border-top-color:#eeeeee;border-top-style:solid;border-right-color:#eeeeee;border-right-style:solid;border-bottom-color:#eeeeee;border-bottom-style:solid;border-left-color:#eeeeee;border-left-style:solid;}.kt-accordion-id209_2f07d7-db:not( .kt-accodion-icon-style-basiccircle ):not( .kt-accodion-icon-style-xclosecircle ):not( .kt-accodion-icon-style-arrowcircle ) .kt-accordion-header-wrap .kt-blocks-accordion-header:hover .kt-blocks-accordion-icon-trigger:after, .kt-accordion-id209_2f07d7-db:not( .kt-accodion-icon-style-basiccircle ):not( .kt-accodion-icon-style-xclosecircle ):not( .kt-accodion-icon-style-arrowcircle ) .kt-accordion-header-wrap .kt-blocks-accordion-header:hover .kt-blocks-accordion-icon-trigger:before, body:not(.hide-focus-outline) .kt-accordion-id209_2f07d7-db:not( .kt-accodion-icon-style-basiccircle ):not( .kt-accodion-icon-style-xclosecircle ):not( .kt-accodion-icon-style-arrowcircle ) .kt-blocks-accordion--visible .kt-blocks-accordion-icon-trigger:after, body:not(.hide-focus-outline) .kt-accordion-id209_2f07d7-db:not( .kt-accodion-icon-style-basiccircle ):not( .kt-accodion-icon-style-xclosecircle ):not( .kt-accodion-icon-style-arrowcircle ) .kt-blocks-accordion-header:focus-visible .kt-blocks-accordion-icon-trigger:before{background:#444444;}.kt-accordion-id209_2f07d7-db:not( .kt-accodion-icon-style-basic ):not( .kt-accodion-icon-style-xclose ):not( .kt-accodion-icon-style-arrow ) .kt-accordion-header-wrap .kt-blocks-accordion-header:hover .kt-blocks-accordion-icon-trigger, body:not(.hide-focus-outline) .kt-accordion-id209_2f07d7-db:not( .kt-accodion-icon-style-basic ):not( .kt-accodion-icon-style-xclose ):not( .kt-accodion-icon-style-arrow ) .kt-accordion-header-wrap .kt-blocks-accordion-header:focus-visible .kt-blocks-accordion-icon-trigger{background:#444444;}.kt-accordion-id209_2f07d7-db:not( .kt-accodion-icon-style-basic ):not( .kt-accodion-icon-style-xclose ):not( .kt-accodion-icon-style-arrow ) .kt-accordion-header-wrap .kt-blocks-accordion-header:hover .kt-blocks-accordion-icon-trigger:after, .kt-accordion-id209_2f07d7-db:not( .kt-accodion-icon-style-basic ):not( .kt-accodion-icon-style-xclose ):not( .kt-accodion-icon-style-arrow ) .kt-accordion-header-wrap .kt-blocks-accordion-header:hover .kt-blocks-accordion-icon-trigger:before, body:not(.hide-focus-outline) .kt-accordion-id209_2f07d7-db:not( .kt-accodion-icon-style-basic ):not( .kt-accodion-icon-style-xclose ):not( .kt-accodion-icon-style-arrow ) .kt-accordion-header-wrap .kt-blocks-accordion-header:focus-visible .kt-blocks-accordion-icon-trigger:after, body:not(.hide-focus-outline) .kt-accordion-id209_2f07d7-db:not( .kt-accodion-icon-style-basic ):not( .kt-accodion-icon-style-xclose ):not( .kt-accodion-icon-style-arrow ) .kt-accordion-header-wrap .kt-blocks-accordion-header:focus-visible .kt-blocks-accordion-icon-trigger:before{background:#ffffff;}.kt-accordion-id209_2f07d7-db .kt-accordion-header-wrap .kt-blocks-accordion-header:focus-visible,\n\t\t\t\t.kt-accordion-id209_2f07d7-db > .kt-accordion-inner-wrap > .wp-block-kadence-pane > .kt-accordion-header-wrap > .kt-blocks-accordion-header.kt-accordion-panel-active{color:#333333;background:#ffffff;border-top-color:#0e9cd1;border-top-style:solid;border-right-color:#0e9cd1;border-right-style:solid;border-bottom-color:#0e9cd1;border-bottom-style:solid;border-left-color:#0e9cd1;border-left-style:solid;}.kt-accordion-id209_2f07d7-db:not( .kt-accodion-icon-style-basiccircle ):not( .kt-accodion-icon-style-xclosecircle ):not( .kt-accodion-icon-style-arrowcircle )  > .kt-accordion-inner-wrap > .wp-block-kadence-pane > .kt-accordion-header-wrap > .kt-blocks-accordion-header.kt-accordion-panel-active .kt-blocks-accordion-icon-trigger:after, .kt-accordion-id209_2f07d7-db:not( .kt-accodion-icon-style-basiccircle ):not( .kt-accodion-icon-style-xclosecircle ):not( .kt-accodion-icon-style-arrowcircle )  > .kt-accordion-inner-wrap > .wp-block-kadence-pane > .kt-accordion-header-wrap > .kt-blocks-accordion-header.kt-accordion-panel-active .kt-blocks-accordion-icon-trigger:before{background:#333333;}.kt-accordion-id209_2f07d7-db:not( .kt-accodion-icon-style-basic ):not( .kt-accodion-icon-style-xclose ):not( .kt-accodion-icon-style-arrow ) .kt-blocks-accordion-header.kt-accordion-panel-active .kt-blocks-accordion-icon-trigger{background:#333333;}.kt-accordion-id209_2f07d7-db:not( .kt-accodion-icon-style-basic ):not( .kt-accodion-icon-style-xclose ):not( .kt-accodion-icon-style-arrow ) .kt-blocks-accordion-header.kt-accordion-panel-active .kt-blocks-accordion-icon-trigger:after, .kt-accordion-id209_2f07d7-db:not( .kt-accodion-icon-style-basic ):not( .kt-accodion-icon-style-xclose ):not( .kt-accodion-icon-style-arrow ) .kt-blocks-accordion-header.kt-accordion-panel-active .kt-blocks-accordion-icon-trigger:before{background:#ffffff;}@media all and (max-width: 1024px){.kt-accordion-id209_2f07d7-db .kt-accordion-panel-inner{border-top:0px solid transparent;border-right:0px solid transparent;border-bottom:0px solid transparent;border-left:0px solid transparent;}}@media all and (max-width: 1024px){.kt-accordion-id209_2f07d7-db > .kt-accordion-inner-wrap > .wp-block-kadence-pane > .kt-accordion-header-wrap > .kt-blocks-accordion-header{border-top:0px solid #f2f2f2;border-right:0px solid #f2f2f2;border-bottom:4px solid #f2f2f2;border-left:0px solid #f2f2f2;}}@media all and (max-width: 1024px){.kt-accordion-id209_2f07d7-db > .kt-accordion-inner-wrap > .wp-block-kadence-pane > .kt-accordion-header-wrap > .kt-blocks-accordion-header:hover, \n\t\t\t\tbody:not(.hide-focus-outline) .kt-accordion-id209_2f07d7-db .kt-blocks-accordion-header:focus-visible{border-top-color:#eeeeee;border-top-style:solid;border-right-color:#eeeeee;border-right-style:solid;border-bottom-color:#eeeeee;border-bottom-style:solid;border-left-color:#eeeeee;border-left-style:solid;}}@media all and (max-width: 1024px){.kt-accordion-id209_2f07d7-db .kt-accordion-header-wrap .kt-blocks-accordion-header:focus-visible,\n\t\t\t\t.kt-accordion-id209_2f07d7-db > .kt-accordion-inner-wrap > .wp-block-kadence-pane > .kt-accordion-header-wrap > .kt-blocks-accordion-header.kt-accordion-panel-active{border-top-color:#0e9cd1;border-top-style:solid;border-right-color:#0e9cd1;border-right-style:solid;border-bottom-color:#0e9cd1;border-bottom-style:solid;border-left-color:#0e9cd1;border-left-style:solid;}}@media all and (max-width: 767px){.kt-accordion-id209_2f07d7-db .kt-accordion-inner-wrap{display:block;}.kt-accordion-id209_2f07d7-db .kt-accordion-inner-wrap .kt-accordion-pane:not(:first-child){margin-top:8px;}.kt-accordion-id209_2f07d7-db .kt-accordion-panel-inner{border-top:0px solid transparent;border-right:0px solid transparent;border-bottom:0px solid transparent;border-left:0px solid transparent;}.kt-accordion-id209_2f07d7-db > .kt-accordion-inner-wrap > .wp-block-kadence-pane > .kt-accordion-header-wrap > .kt-blocks-accordion-header{border-top:0px solid #f2f2f2;border-right:0px solid #f2f2f2;border-bottom:4px solid #f2f2f2;border-left:0px solid #f2f2f2;}.kt-accordion-id209_2f07d7-db > .kt-accordion-inner-wrap > .wp-block-kadence-pane > .kt-accordion-header-wrap > .kt-blocks-accordion-header:hover, \n\t\t\t\tbody:not(.hide-focus-outline) .kt-accordion-id209_2f07d7-db .kt-blocks-accordion-header:focus-visible{border-top-color:#eeeeee;border-top-style:solid;border-right-color:#eeeeee;border-right-style:solid;border-bottom-color:#eeeeee;border-bottom-style:solid;border-left-color:#eeeeee;border-left-style:solid;}.kt-accordion-id209_2f07d7-db .kt-accordion-header-wrap .kt-blocks-accordion-header:focus-visible,\n\t\t\t\t.kt-accordion-id209_2f07d7-db > .kt-accordion-inner-wrap > .wp-block-kadence-pane > .kt-accordion-header-wrap > .kt-blocks-accordion-header.kt-accordion-panel-active{border-top-color:#0e9cd1;border-top-style:solid;border-right-color:#0e9cd1;border-right-style:solid;border-bottom-color:#0e9cd1;border-bottom-style:solid;border-left-color:#0e9cd1;border-left-style:solid;}}<\/style>\n<div class=\"wp-block-kadence-accordion alignnone\"><div class=\"kt-accordion-wrap kt-accordion-id209_2f07d7-db kt-accordion-has-6-panes kt-active-pane-1 kt-accordion-block kt-pane-header-alignment-left kt-accodion-icon-style-none kt-accodion-icon-side-right\" style=\"max-width:none\"><div class=\"kt-accordion-inner-wrap\" data-allow-multiple-open=\"true\" data-start-open=\"1\">\n<div class=\"wp-block-kadence-pane kt-accordion-pane kt-accordion-pane-2 kt-pane209_597d95-25\"><div class=\"kt-accordion-header-wrap\"><button class=\"kt-blocks-accordion-header kt-acccordion-button-label-show\"><span class=\"kt-blocks-accordion-title-wrap\"><span class=\"kt-blocks-accordion-title\">GEOGRAPHIE<\/span><\/span><span class=\"kt-blocks-accordion-icon-trigger\"><\/span><\/button><\/div><div class=\"kt-accordion-panel kt-accordion-panel-hidden\"><div class=\"kt-accordion-panel-inner\">\n<p>Le S\u00e9n\u00e9gal se situe \u00e0 l&rsquo;extr\u00eame ouest du continent africain, au confluent de l&rsquo;Europe, de l&rsquo;Afrique et des Am\u00e9riques et \u00e0 un carrefour de grandes routes maritimes et a\u00e9riennes.<br>D&rsquo;une superficie de 196 712 km2, il est limit\u00e9 au nord par la Mauritanie, \u00e0 l&rsquo;est par le Mali, au sud par la Guin\u00e9e et la Guin\u00e9e Bissau, \u00e0 l&rsquo;ouest par l&rsquo;Oc\u00e9an Atlantique sur une fa\u00e7ade de 500 km.<br>Dakar (550 km2), la capitale, est une presqu&rsquo;\u00eele situ\u00e9e \u00e0 l&rsquo;extr\u00eame Ouest du pays.<\/p>\n<\/div><\/div><\/div>\n\n\n\n<div class=\"wp-block-kadence-pane kt-accordion-pane kt-accordion-pane-1 kt-pane209_f48b77-ca\"><div class=\"kt-accordion-header-wrap\"><button class=\"kt-blocks-accordion-header kt-acccordion-button-label-show\"><span class=\"kt-blocks-accordion-title-wrap\"><span class=\"kt-blocks-accordion-title\">RELIEF ET HYGROGRAPHIE<\/span><\/span><span class=\"kt-blocks-accordion-icon-trigger\"><\/span><\/button><\/div><div class=\"kt-accordion-panel kt-accordion-panel-hidden\"><div class=\"kt-accordion-panel-inner\">\n<p>Pays plat aux sols sablonneux ne d\u00e9passant pas 130 m d\u2019altitude sauf \u00e0 la fronti\u00e8re sud-est vers la Guin\u00e9e.<\/p>\n\n\n\n<p>Trois fleuves traversent le pays d\u2019Est en Ouest: le S\u00e9n\u00e9gal (1700 km) au Nord, la Gambie (750 km) et la Casamance (300 km) au Sud.<\/p>\n<\/div><\/div><\/div>\n\n\n\n<div class=\"wp-block-kadence-pane kt-accordion-pane kt-accordion-pane-3 kt-pane209_b7fa6f-79\"><div class=\"kt-accordion-header-wrap\"><button class=\"kt-blocks-accordion-header kt-acccordion-button-label-show\"><span class=\"kt-blocks-accordion-title-wrap\"><span class=\"kt-blocks-accordion-title\">CLIMAT ET VEGETATION<\/span><\/span><span class=\"kt-blocks-accordion-icon-trigger\"><\/span><\/button><\/div><div class=\"kt-accordion-panel kt-accordion-panel-hidden\"><div class=\"kt-accordion-panel-inner\">\n<p>Climat tropical sec caract\u00e9ris\u00e9 par deux saisons: une saison s\u00e8che de novembre \u00e0 juin et une saison des pluies de juillet \u00e0 octobre.<\/p>\n\n\n\n<p>Trois types de v\u00e9g\u00e9tation: for\u00eat au sud, savane au centre et steppe au nord.<\/p>\n<\/div><\/div><\/div>\n\n\n\n<div class=\"wp-block-kadence-pane kt-accordion-pane kt-accordion-pane-4 kt-pane209_2315ec-65\"><div class=\"kt-accordion-header-wrap\"><button class=\"kt-blocks-accordion-header kt-acccordion-button-label-show\"><span class=\"kt-blocks-accordion-title-wrap\"><span class=\"kt-blocks-accordion-title\">POPULATION (2023)<\/span><\/span><span class=\"kt-blocks-accordion-icon-trigger\"><\/span><\/button><\/div><div class=\"kt-accordion-panel kt-accordion-panel-hidden\"><div class=\"kt-accordion-panel-inner\">\n<p>La population du S\u00e9n\u00e9gal compte 18 032473&nbsp;d&rsquo;habitants en 2023&nbsp;soit une densit\u00e9 moyenne de 92 habitants au km2. Plus de 25% de la population est concentr\u00e9e dans la r\u00e9gion de Dakar. L&rsquo;autre p\u00f4le de concentration est le centre du pays (le bassin arachidier) avec plus de 35 % de la population. L&rsquo;Est du pays est tr\u00e8s faiblement peupl\u00e9.<br>Le S\u00e9n\u00e9gal compte une dizaine d&rsquo;ethnies dont les principales sont les wolofs, les Pulaars, et les s\u00e9r\u00e8res.<br>Les \u00e9trangers repr\u00e9sentent environ 2 % de la population. Ils sont surtout pr\u00e9sents dans la capitale Dakar o\u00f9 on les rencontre dans le commerce, l&rsquo;industrie, les services et les organismes internationaux. On les rencontre \u00e9galement au Nord et au Sud du pays, notamment les ressortissants des pays frontaliers.<\/p>\n\n\n\n<p>Source: <a href=\"https:\/\/www.ansd.sn\/\">SESN\/Chapitre : D\u00e9mographie<\/a> <em>Recensement g\u00e9n\u00e9ral de la Population&nbsp;et de l&rsquo;Habitat en 2023<\/em><\/p>\n<\/div><\/div><\/div>\n\n\n\n<div class=\"wp-block-kadence-pane kt-accordion-pane kt-accordion-pane-5 kt-pane209_68a411-b5\"><div class=\"kt-accordion-header-wrap\"><button class=\"kt-blocks-accordion-header kt-acccordion-button-label-show\"><span class=\"kt-blocks-accordion-title-wrap\"><span class=\"kt-blocks-accordion-title\">ORGANISATION POLITIQUE<\/span><\/span><span class=\"kt-blocks-accordion-icon-trigger\"><\/span><\/button><\/div><div class=\"kt-accordion-panel kt-accordion-panel-hidden\"><div class=\"kt-accordion-panel-inner\">\n<p>La R\u00e9publique du S\u00e9n\u00e9gal est la\u00efque, d\u00e9mocratique et sociale. Elle assure l\u2019\u00e9galit\u00e9 devant la loi de tous les citoyens, sans distinction d\u2019origine, d\u2019ethnie, de sexe, de religion.<\/p>\n\n\n\n<p>La langue officielle de la R\u00e9publique du S\u00e9n\u00e9gal est le fran\u00e7ais. Les langues nationales sont le Diola, le Malink\u00e9, le Pular, le S\u00e9r\u00e8re, le Sonink\u00e9, le Wolof et toute autre langue nationale qui sera codifi\u00e9e.<\/p>\n\n\n\n<p>R\u00e9gime pr\u00e9sidentiel pluraliste: le pr\u00e9sident de la R\u00e9publique est \u00e9lu au suffrage universel et pour cinq ans.<\/p>\n\n\n\n<p>Le Parlement: Les assembl\u00e9es repr\u00e9sentatives de la R\u00e9publique du S\u00e9n\u00e9gal portent les noms d\u2019Assembl\u00e9e nationale. Leurs membres portent les titres de d\u00e9put\u00e9s \u00e0 l\u2019Assembl\u00e9e nationale.<\/p>\n\n\n\n<p>L\u2019Assembl\u00e9e nationale est compos\u00e9e de 165 d\u00e9put\u00e9s \u00e9lus au suffrage universel.<\/p>\n<\/div><\/div><\/div>\n\n\n\n<div class=\"wp-block-kadence-pane kt-accordion-pane kt-accordion-pane-6 kt-pane209_d3a20d-fc\"><div class=\"kt-accordion-header-wrap\"><button class=\"kt-blocks-accordion-header kt-acccordion-button-label-show\"><span class=\"kt-blocks-accordion-title-wrap\"><span class=\"kt-blocks-accordion-title\">ORGANISATION ADMINISTRATIVE<\/span><\/span><span class=\"kt-blocks-accordion-icon-trigger\"><\/span><\/button><\/div><div class=\"kt-accordion-panel kt-accordion-panel-hidden\"><div class=\"kt-accordion-panel-inner\">\n<p>Quatorze r\u00e9gions dont les chefs-lieux sont les principales villes : Dakar, Diourbel, Fatick, Kaffrine, K\u00e9dougou, Kaolack, Kolda, Louga, Matam, Saint Louis, S\u00e9dhiou, Tambacounda, Thi\u00e8s, Ziguinchor.<\/p>\n<\/div><\/div><\/div>\n<\/div><\/div><\/div>\n\n\n\n<div class=\"wp-block-group alignfull has-text-color has-background is-layout-flow wp-block-group-is-layout-flow\" style=\"color:#000000;background-color:#ffffff\">\n<div style=\"height:64px\" aria-hidden=\"true\" class=\"wp-block-spacer\"><\/div>\n\n\n\n<p class=\"has-text-align-center has-small-font-size\" style=\"line-height:.9\">VOIR AUSSI<\/p>\n\n\n\n<div class=\"wp-block-group is-layout-constrained wp-block-group-is-layout-constrained\">\n<div class=\"wp-block-buttons is-horizontal is-content-justification-center is-layout-flex wp-container-core-buttons-is-layout-03627597 wp-block-buttons-is-layout-flex\">\n<div class=\"wp-block-button has-custom-width wp-block-button__width-50 has-custom-font-size is-style-fill has-medium-font-size\"><a class=\"wp-block-button__link has-palette-color-9-background-color has-text-color has-background wp-element-button\" href=\"\/de\/investir-au-senegal\/\" style=\"border-style:none;border-width:0px;border-radius:50px;color:#ffffff\">In Senegal investieren<\/a><\/div>\n<\/div>\n\n\n\n<div class=\"wp-block-buttons is-horizontal is-content-justification-center is-layout-flex wp-container-core-buttons-is-layout-03627597 wp-block-buttons-is-layout-flex\">\n<div class=\"wp-block-button has-custom-width wp-block-button__width-50 has-custom-font-size has-medium-font-size\"><a class=\"wp-block-button__link has-palette-color-9-background-color has-text-color has-background wp-element-button\" href=\"https:\/\/www.visitezlesenegal.com\/\" style=\"border-radius:50px;color:#ffffff\" target=\"_blank\" rel=\"noreferrer noopener\">Tourismus in Senegal<\/a><\/div>\n<\/div>\n<\/div>\n\n\n\n<div style=\"height:64px\" aria-hidden=\"true\" class=\"wp-block-spacer\"><\/div>\n<\/div>\n<\/div>\n<\/div>\n\n\n\n<p><\/p>","protected":false},"excerpt":{"rendered":"<p>D\u00e9couvrir le S\u00e9n\u00e9gal &#8211; A propos du S\u00e9n\u00e9gal &#8211; Pays de la T\u00e9ranga<\/p>","protected":false},"author":1,"featured_media":0,"parent":0,"menu_order":0,"comment_status":"closed","ping_status":"closed","template":"","meta":{"footnotes":""},"class_list":["post-209","page","type-page","status-publish","hentry"],"blocksy_meta":[],"yoast_head":"<!-- This site is optimized with the Yoast SEO plugin v27.5 - https:\/\/yoast.com\/product\/yoast-seo-wordpress\/ -->\n<title>A propos du S\u00e9n\u00e9gal - Ambassade du S&eacute;n&eacute;gal en Allemagne<\/title>\n<meta name=\"description\" content=\"Ambassade S\u00e9n\u00e9gal -Diplomatie - Passeport - Visa - Tourisme - Investissement --- Senegalische Botschaft in Deutschland \u2013 Diplomatie \u2013 Reisepass \u2013 Visum \u2013 Tourismus \u2013 Investition --- Embassy of Senegal \u2013 Diplomacy \u2013 Passport \u2013 Visa \u2013 Tourism \u2013 Investment\" \/>\n<meta name=\"robots\" content=\"index, follow, max-snippet:-1, max-image-preview:large, max-video-preview:-1\" \/>\n<link rel=\"canonical\" href=\"https:\/\/botschaft-senega-r4b19ptaoc.live-website.com\/senegal\/\" \/>\n<meta property=\"og:locale\" content=\"de_DE\" \/>\n<meta property=\"og:type\" content=\"article\" \/>\n<meta property=\"og:title\" content=\"A propos du S\u00e9n\u00e9gal - Ambassade du S&eacute;n&eacute;gal en Allemagne\" \/>\n<meta property=\"og:description\" content=\"Ambassade S\u00e9n\u00e9gal -Diplomatie - Passeport - Visa - Tourisme - Investissement --- Senegalische Botschaft in Deutschland \u2013 Diplomatie \u2013 Reisepass \u2013 Visum \u2013 Tourismus \u2013 Investition --- Embassy of Senegal \u2013 Diplomacy \u2013 Passport \u2013 Visa \u2013 Tourism \u2013 Investment\" \/>\n<meta property=\"og:url\" content=\"https:\/\/botschaft-senega-r4b19ptaoc.live-website.com\/senegal\/\" \/>\n<meta property=\"og:site_name\" content=\"Ambassade du S&eacute;n&eacute;gal en Allemagne\" \/>\n<meta property=\"article:modified_time\" content=\"2023-12-14T10:30:28+00:00\" \/>\n<meta property=\"og:image\" content=\"https:\/\/botschaft-senega-r4b19ptaoc.live-website.com\/wp-content\/uploads\/2023\/08\/Carte-Senegal.svg\" \/>\n<meta name=\"twitter:card\" content=\"summary_large_image\" \/>\n<meta name=\"twitter:label1\" content=\"Gesch\u00e4tzte Lesezeit\" \/>\n\t<meta name=\"twitter:data1\" content=\"3 Minuten\" \/>\n<script type=\"application\/ld+json\" class=\"yoast-schema-graph\">{\"@context\":\"https:\\\/\\\/schema.org\",\"@graph\":[{\"@type\":\"WebPage\",\"@id\":\"https:\\\/\\\/botschaft-senega-r4b19ptaoc.live-website.com\\\/senegal\\\/\",\"url\":\"https:\\\/\\\/botschaft-senega-r4b19ptaoc.live-website.com\\\/senegal\\\/\",\"name\":\"A propos du S\u00e9n\u00e9gal - Ambassade du S&eacute;n&eacute;gal en Allemagne\",\"isPartOf\":{\"@id\":\"https:\\\/\\\/botschaft-senega-r4b19ptaoc.live-website.com\\\/#website\"},\"primaryImageOfPage\":{\"@id\":\"https:\\\/\\\/botschaft-senega-r4b19ptaoc.live-website.com\\\/senegal\\\/#primaryimage\"},\"image\":{\"@id\":\"https:\\\/\\\/botschaft-senega-r4b19ptaoc.live-website.com\\\/senegal\\\/#primaryimage\"},\"thumbnailUrl\":\"https:\\\/\\\/botschaft-senegal.de\\\/wp-content\\\/uploads\\\/2023\\\/08\\\/Carte-Senegal.svg\",\"datePublished\":\"2023-08-03T21:04:05+00:00\",\"dateModified\":\"2023-12-14T10:30:28+00:00\",\"description\":\"Ambassade S\u00e9n\u00e9gal -Diplomatie - Passeport - Visa - Tourisme - Investissement --- Senegalische Botschaft in Deutschland \u2013 Diplomatie \u2013 Reisepass \u2013 Visum \u2013 Tourismus \u2013 Investition --- Embassy of Senegal \u2013 Diplomacy \u2013 Passport \u2013 Visa \u2013 Tourism \u2013 Investment\",\"breadcrumb\":{\"@id\":\"https:\\\/\\\/botschaft-senega-r4b19ptaoc.live-website.com\\\/senegal\\\/#breadcrumb\"},\"inLanguage\":\"de\",\"potentialAction\":[{\"@type\":\"ReadAction\",\"target\":[\"https:\\\/\\\/botschaft-senega-r4b19ptaoc.live-website.com\\\/senegal\\\/\"]}]},{\"@type\":\"ImageObject\",\"inLanguage\":\"de\",\"@id\":\"https:\\\/\\\/botschaft-senega-r4b19ptaoc.live-website.com\\\/senegal\\\/#primaryimage\",\"url\":\"https:\\\/\\\/botschaft-senegal.de\\\/wp-content\\\/uploads\\\/2023\\\/08\\\/Carte-Senegal.svg\",\"contentUrl\":\"https:\\\/\\\/botschaft-senegal.de\\\/wp-content\\\/uploads\\\/2023\\\/08\\\/Carte-Senegal.svg\"},{\"@type\":\"BreadcrumbList\",\"@id\":\"https:\\\/\\\/botschaft-senega-r4b19ptaoc.live-website.com\\\/senegal\\\/#breadcrumb\",\"itemListElement\":[{\"@type\":\"ListItem\",\"position\":1,\"name\":\"Accueil\",\"item\":\"https:\\\/\\\/botschaft-senegal.de\\\/\"},{\"@type\":\"ListItem\",\"position\":2,\"name\":\"A propos du S\u00e9n\u00e9gal\"}]},{\"@type\":\"WebSite\",\"@id\":\"https:\\\/\\\/botschaft-senega-r4b19ptaoc.live-website.com\\\/#website\",\"url\":\"https:\\\/\\\/botschaft-senega-r4b19ptaoc.live-website.com\\\/\",\"name\":\"Ambassade du S\u00e9n\u00e9gal \u00e0 Berlin\",\"description\":\"Ambassade du S&eacute;n&eacute;gal &agrave; Berlin\",\"publisher\":{\"@id\":\"https:\\\/\\\/botschaft-senega-r4b19ptaoc.live-website.com\\\/#organization\"},\"alternateName\":\"Botschaft Senegal\",\"potentialAction\":[{\"@type\":\"SearchAction\",\"target\":{\"@type\":\"EntryPoint\",\"urlTemplate\":\"https:\\\/\\\/botschaft-senega-r4b19ptaoc.live-website.com\\\/?s={search_term_string}\"},\"query-input\":{\"@type\":\"PropertyValueSpecification\",\"valueRequired\":true,\"valueName\":\"search_term_string\"}}],\"inLanguage\":\"de\"},{\"@type\":\"Organization\",\"@id\":\"https:\\\/\\\/botschaft-senega-r4b19ptaoc.live-website.com\\\/#organization\",\"name\":\"Ambassade du S\u00e9n\u00e9gal \u00e0 Berlin - Botschaft Senegal\",\"alternateName\":\"Botschaft senegal\",\"url\":\"https:\\\/\\\/botschaft-senega-r4b19ptaoc.live-website.com\\\/\",\"logo\":{\"@type\":\"ImageObject\",\"inLanguage\":\"de\",\"@id\":\"https:\\\/\\\/botschaft-senega-r4b19ptaoc.live-website.com\\\/#\\\/schema\\\/logo\\\/image\\\/\",\"url\":\"https:\\\/\\\/botschaft-senegal.de\\\/wp-content\\\/uploads\\\/2023\\\/07\\\/logo.svg.png\",\"contentUrl\":\"https:\\\/\\\/botschaft-senegal.de\\\/wp-content\\\/uploads\\\/2023\\\/07\\\/logo.svg.png\",\"width\":200,\"height\":237,\"caption\":\"Ambassade du S\u00e9n\u00e9gal \u00e0 Berlin - Botschaft Senegal\"},\"image\":{\"@id\":\"https:\\\/\\\/botschaft-senega-r4b19ptaoc.live-website.com\\\/#\\\/schema\\\/logo\\\/image\\\/\"}}]}<\/script>\n<!-- \/ Yoast SEO plugin. -->","yoast_head_json":{"title":"A propos du S\u00e9n\u00e9gal - Ambassade du S&eacute;n&eacute;gal en Allemagne","description":"Ambassade S\u00e9n\u00e9gal -Diplomatie - Passeport - Visa - Tourisme - Investissement --- Senegalische Botschaft in Deutschland \u2013 Diplomatie \u2013 Reisepass \u2013 Visum \u2013 Tourismus \u2013 Investition --- Embassy of Senegal \u2013 Diplomacy \u2013 Passport \u2013 Visa \u2013 Tourism \u2013 Investment","robots":{"index":"index","follow":"follow","max-snippet":"max-snippet:-1","max-image-preview":"max-image-preview:large","max-video-preview":"max-video-preview:-1"},"canonical":"https:\/\/botschaft-senega-r4b19ptaoc.live-website.com\/senegal\/","og_locale":"de_DE","og_type":"article","og_title":"A propos du S\u00e9n\u00e9gal - Ambassade du S&eacute;n&eacute;gal en Allemagne","og_description":"Ambassade S\u00e9n\u00e9gal -Diplomatie - Passeport - Visa - Tourisme - Investissement --- Senegalische Botschaft in Deutschland \u2013 Diplomatie \u2013 Reisepass \u2013 Visum \u2013 Tourismus \u2013 Investition --- Embassy of Senegal \u2013 Diplomacy \u2013 Passport \u2013 Visa \u2013 Tourism \u2013 Investment","og_url":"https:\/\/botschaft-senega-r4b19ptaoc.live-website.com\/senegal\/","og_site_name":"Ambassade du S&eacute;n&eacute;gal en Allemagne","article_modified_time":"2023-12-14T10:30:28+00:00","og_image":[{"url":"https:\/\/botschaft-senega-r4b19ptaoc.live-website.com\/wp-content\/uploads\/2023\/08\/Carte-Senegal.svg","type":"","width":"","height":""}],"twitter_card":"summary_large_image","twitter_misc":{"Gesch\u00e4tzte Lesezeit":"3 Minuten"},"schema":{"@context":"https:\/\/schema.org","@graph":[{"@type":"WebPage","@id":"https:\/\/botschaft-senega-r4b19ptaoc.live-website.com\/senegal\/","url":"https:\/\/botschaft-senega-r4b19ptaoc.live-website.com\/senegal\/","name":"A propos du S\u00e9n\u00e9gal - Ambassade du S&eacute;n&eacute;gal en Allemagne","isPartOf":{"@id":"https:\/\/botschaft-senega-r4b19ptaoc.live-website.com\/#website"},"primaryImageOfPage":{"@id":"https:\/\/botschaft-senega-r4b19ptaoc.live-website.com\/senegal\/#primaryimage"},"image":{"@id":"https:\/\/botschaft-senega-r4b19ptaoc.live-website.com\/senegal\/#primaryimage"},"thumbnailUrl":"https:\/\/botschaft-senegal.de\/wp-content\/uploads\/2023\/08\/Carte-Senegal.svg","datePublished":"2023-08-03T21:04:05+00:00","dateModified":"2023-12-14T10:30:28+00:00","description":"Ambassade S\u00e9n\u00e9gal -Diplomatie - Passeport - Visa - Tourisme - Investissement --- Senegalische Botschaft in Deutschland \u2013 Diplomatie \u2013 Reisepass \u2013 Visum \u2013 Tourismus \u2013 Investition --- Embassy of Senegal \u2013 Diplomacy \u2013 Passport \u2013 Visa \u2013 Tourism \u2013 Investment","breadcrumb":{"@id":"https:\/\/botschaft-senega-r4b19ptaoc.live-website.com\/senegal\/#breadcrumb"},"inLanguage":"de","potentialAction":[{"@type":"ReadAction","target":["https:\/\/botschaft-senega-r4b19ptaoc.live-website.com\/senegal\/"]}]},{"@type":"ImageObject","inLanguage":"de","@id":"https:\/\/botschaft-senega-r4b19ptaoc.live-website.com\/senegal\/#primaryimage","url":"https:\/\/botschaft-senegal.de\/wp-content\/uploads\/2023\/08\/Carte-Senegal.svg","contentUrl":"https:\/\/botschaft-senegal.de\/wp-content\/uploads\/2023\/08\/Carte-Senegal.svg"},{"@type":"BreadcrumbList","@id":"https:\/\/botschaft-senega-r4b19ptaoc.live-website.com\/senegal\/#breadcrumb","itemListElement":[{"@type":"ListItem","position":1,"name":"Accueil","item":"https:\/\/botschaft-senegal.de\/"},{"@type":"ListItem","position":2,"name":"A propos du S\u00e9n\u00e9gal"}]},{"@type":"WebSite","@id":"https:\/\/botschaft-senega-r4b19ptaoc.live-website.com\/#website","url":"https:\/\/botschaft-senega-r4b19ptaoc.live-website.com\/","name":"Ambassade du S\u00e9n\u00e9gal \u00e0 Berlin","description":"Ambassade du S&eacute;n&eacute;gal &agrave; Berlin","publisher":{"@id":"https:\/\/botschaft-senega-r4b19ptaoc.live-website.com\/#organization"},"alternateName":"Botschaft Senegal","potentialAction":[{"@type":"SearchAction","target":{"@type":"EntryPoint","urlTemplate":"https:\/\/botschaft-senega-r4b19ptaoc.live-website.com\/?s={search_term_string}"},"query-input":{"@type":"PropertyValueSpecification","valueRequired":true,"valueName":"search_term_string"}}],"inLanguage":"de"},{"@type":"Organization","@id":"https:\/\/botschaft-senega-r4b19ptaoc.live-website.com\/#organization","name":"Ambassade du S\u00e9n\u00e9gal \u00e0 Berlin - Botschaft Senegal","alternateName":"Botschaft senegal","url":"https:\/\/botschaft-senega-r4b19ptaoc.live-website.com\/","logo":{"@type":"ImageObject","inLanguage":"de","@id":"https:\/\/botschaft-senega-r4b19ptaoc.live-website.com\/#\/schema\/logo\/image\/","url":"https:\/\/botschaft-senegal.de\/wp-content\/uploads\/2023\/07\/logo.svg.png","contentUrl":"https:\/\/botschaft-senegal.de\/wp-content\/uploads\/2023\/07\/logo.svg.png","width":200,"height":237,"caption":"Ambassade du S\u00e9n\u00e9gal \u00e0 Berlin - Botschaft Senegal"},"image":{"@id":"https:\/\/botschaft-senega-r4b19ptaoc.live-website.com\/#\/schema\/logo\/image\/"}}]}},"_links":{"self":[{"href":"https:\/\/botschaft-senegal.de\/de\/wp-json\/wp\/v2\/pages\/209","targetHints":{"allow":["GET"]}}],"collection":[{"href":"https:\/\/botschaft-senegal.de\/de\/wp-json\/wp\/v2\/pages"}],"about":[{"href":"https:\/\/botschaft-senegal.de\/de\/wp-json\/wp\/v2\/types\/page"}],"author":[{"embeddable":true,"href":"https:\/\/botschaft-senegal.de\/de\/wp-json\/wp\/v2\/users\/1"}],"replies":[{"embeddable":true,"href":"https:\/\/botschaft-senegal.de\/de\/wp-json\/wp\/v2\/comments?post=209"}],"version-history":[{"count":18,"href":"https:\/\/botschaft-senegal.de\/de\/wp-json\/wp\/v2\/pages\/209\/revisions"}],"predecessor-version":[{"id":908,"href":"https:\/\/botschaft-senegal.de\/de\/wp-json\/wp\/v2\/pages\/209\/revisions\/908"}],"wp:attachment":[{"href":"https:\/\/botschaft-senegal.de\/de\/wp-json\/wp\/v2\/media?parent=209"}],"curies":[{"name":"wp","href":"https:\/\/api.w.org\/{rel}","templated":true}]}}