{"id":332,"date":"2023-08-07T12:28:42","date_gmt":"2023-08-07T10:28:42","guid":{"rendered":"https:\/\/botschaft-senegal.de\/?page_id=332"},"modified":"2025-08-26T12:25:51","modified_gmt":"2025-08-26T10:25:51","slug":"visa-senegal","status":"publish","type":"page","link":"https:\/\/botschaft-senegal.de\/de\/services-consulaires\/visa-senegal\/","title":{"rendered":"Demande de visa \u00e0 l&rsquo;Ambassade du S\u00e9n\u00e9gal \u00e0 Berlin"},"content":{"rendered":"<h2 class=\"wp-block-heading has-text-align-center\" style=\"margin-top:0;margin-right:0;margin-bottom:0;margin-left:0;padding-top:0;padding-right:0;padding-bottom:0;padding-left:0\">Visum f\u00fcr die Einreise in den Senegal<\/h2>\n\n\n\n<p class=\"has-text-align-center has-palette-color-4-color has-text-color has-medium-font-size\" style=\"margin-top:var(--wp--preset--spacing--20);margin-right:var(--wp--preset--spacing--20);margin-bottom:var(--wp--preset--spacing--20);margin-left:var(--wp--preset--spacing--20);padding-top:var(--wp--preset--spacing--20);padding-right:var(--wp--preset--spacing--20);padding-bottom:var(--wp--preset--spacing--20);padding-left:var(--wp--preset--spacing--20)\"><strong>&nbsp;Visa-Bestimmungen f\u00fcr Kurzaufenthalte (maximal 90 Tage)<\/strong><\/p>\n\n\n\n<div class=\"wp-block-columns is-layout-flex wp-container-core-columns-is-layout-28f84493 wp-block-columns-is-layout-flex\">\n<div class=\"wp-block-column is-layout-flow wp-block-column-is-layout-flow\" style=\"flex-basis:66.66%\">\n<h4 class=\"wp-block-heading has-medium-font-size\"><strong>F\u00fcr normale Visa: Besuchs-, Touristen- oder andere Visa<\/strong> :<\/h4>\n\n\n\n<ul class=\"wp-block-list\">\n<li>Ein Reisepass, der noch l\u00e4nger als 6 Monate g\u00fcltig ist<\/li>\n\n\n\n<li>Das unterzeichnete und ausgef\u00fcllte Formular in zwei (02) Exemplaren<\/li>\n\n\n\n<li>Une attestation ou contrat de travail<\/li>\n\n\n\n<li>Un titre de s\u00e9jour et\/ou une lettre d&rsquo;invitation en provenance du S\u00e9n\u00e9gal<\/li>\n\n\n\n<li>Eine Buchungsbest\u00e4tigung f\u00fcr ein Flugticket<\/li>\n\n\n\n<li>Hotelreservierung oder Unterkunftsinformationen<\/li>\n\n\n\n<li>Zwei (02) Passfotos<\/li>\n\n\n\n<li>Die klare und pr\u00e4zise Telefonnummer Ihres Ansprechpartners im Senegal\u00a0<\/li>\n\n\n\n<li>Ein frankierter, eingeschriebener Umschlag mit der Adresse des Antragstellers, falls erforderlich, um die Antwort zu versenden.<\/li>\n<\/ul>\n\n\n\n<h4 class=\"wp-block-heading has-medium-font-size\"><strong>F\u00fcr Diplomatenvisa und H\u00f6flichkeitsvisa:<\/strong><\/h4>\n\n\n\n<ul class=\"wp-block-list\">\n<li>Der Diplomaten- oder Dienstpass<\/li>\n\n\n\n<li>Eine Verbalnote<\/li>\n\n\n\n<li>Das ausgef\u00fcllte Formular in zwei (02) Exemplaren<\/li>\n\n\n\n<li>Zwei (02) Passfotos<\/li>\n<\/ul>\n<\/div>\n\n\n\n<div class=\"wp-block-column is-layout-flow wp-block-column-is-layout-flow\" style=\"flex-basis:33.33%\">\n<div class=\"wp-block-columns is-layout-flex wp-container-core-columns-is-layout-28f84493 wp-block-columns-is-layout-flex\">\n<div class=\"wp-block-column is-layout-flow wp-block-column-is-layout-flow\">\n<div class=\"wp-block-group alignwide has-pale-cyan-blue-background-color has-background is-horizontal is-nowrap is-layout-flex wp-container-core-group-is-layout-d6ee20f1 wp-block-group-is-layout-flex\" style=\"padding-top:0;padding-right:0;padding-bottom:0;padding-left:0\">\n<div class=\"wp-block-group is-horizontal is-content-justification-left is-nowrap is-layout-flex wp-container-core-group-is-layout-e5fbeb3a wp-block-group-is-layout-flex\">\n<h5 class=\"wp-block-heading has-medium-font-size\" style=\"font-style:normal;font-weight:500\">Download des Visumsformulars<\/h5>\n\n\n<style>.kt-svg-icons332_b6333b-3a .kt-svg-item-0 .kb-svg-icon-wrap{color:var(--global-palette4, #2D3748);font-size:50px;}.wp-block-kadence-icon.kt-svg-icons332_b6333b-3a{justify-content:flex-end;}@media all and (max-width: 767px){.wp-block-kadence-icon.kt-svg-icons332_b6333b-3a{justify-content:flex-start;}}<\/style>\n<div class=\"wp-block-kadence-icon kt-svg-icons kt-svg-icons332_b6333b-3a alignnone\"><style>.kt-svg-item-332_9bf6d4-6f .kb-svg-icon-wrap, .kt-svg-style-stacked.kt-svg-item-332_9bf6d4-6f .kb-svg-icon-wrap{color:var(--theme-palette-color-4, #192a3d);font-size:20px;margin-bottom:var(--global-kb-spacing-xxs, 0.5rem);}@media all and (max-width: 767px){.kt-svg-item-332_9bf6d4-6f .kb-svg-icon-wrap, .kt-svg-style-stacked.kt-svg-item-332_9bf6d4-6f .kb-svg-icon-wrap{font-size:15px;margin-right:var(--global-kb-spacing-xxl, 5rem);}}<\/style>\n<div class=\"wp-block-kadence-single-icon kt-svg-style-default kt-svg-icon-wrap kt-svg-item-332_9bf6d4-6f\"><span class=\"kb-svg-icon-wrap kb-svg-icon-fas_hand-point-right\"><svg viewbox=\"0 0 512 512\"  fill=\"currentColor\" xmlns=\"http:\/\/www.w3.org\/2000\/svg\"  aria-hidden=\"true\"><path d=\"M512 199.652c0 23.625-20.65 43.826-44.8 43.826h-99.851c16.34 17.048 18.346 49.766-6.299 70.944 14.288 22.829 2.147 53.017-16.45 62.315C353.574 425.878 322.654 448 272 448c-2.746 0-13.276-.203-16-.195-61.971.168-76.894-31.065-123.731-38.315C120.596 407.683 112 397.599 112 385.786V214.261l.002-.001c.011-18.366 10.607-35.889 28.464-43.845 28.886-12.994 95.413-49.038 107.534-77.323 7.797-18.194 21.384-29.084 40-29.092 34.222-.014 57.752 35.098 44.119 66.908-3.583 8.359-8.312 16.67-14.153 24.918H467.2c23.45 0 44.8 20.543 44.8 43.826zM96 200v192c0 13.255-10.745 24-24 24H24c-13.255 0-24-10.745-24-24V200c0-13.255 10.745-24 24-24h48c13.255 0 24 10.745 24 24zM68 368c0-11.046-8.954-20-20-20s-20 8.954-20 20 8.954 20 20 20 20-8.954 20-20z\"\/><\/svg><\/span><\/div>\n<\/div>\n<\/div>\n\n\n<style>.kt-svg-icons332_46c9a5-db .kt-svg-item-0 .kb-svg-icon-wrap{color:var(--global-palette4, #2D3748);font-size:50px;}.wp-block-kadence-icon.kt-svg-icons332_46c9a5-db{justify-content:center;}<\/style>\n<div class=\"wp-block-kadence-icon kt-svg-icons kt-svg-icons332_46c9a5-db alignnone kb-icon-valign-top\"><style>.kt-svg-item-332_6aa042-0b .kb-svg-icon-wrap, .kt-svg-style-stacked.kt-svg-item-332_6aa042-0b .kb-svg-icon-wrap{color:var(--theme-palette-color-2, #1559ed);font-size:55px;background:transparent;border-color:var(--theme-palette-color-1, #2872fa);border-width:2px;border-radius:0%;padding-top:var(--global-kb-spacing-xxs, 0.5rem);padding-right:var(--global-kb-spacing-md, 2rem);padding-bottom:var(--global-kb-spacing-xxs, 0.5rem);padding-left:var(--global-kb-spacing-xxs, 0.5rem);}.kt-svg-item-332_6aa042-0b:hover .kb-svg-icon-wrap{border-color:var(--theme-palette-color-4, #192a3d);}.kt-svg-item-332_6aa042-0b:hover .kb-svg-icon-wrap{color:var(--theme-palette-color-4, #192a3d);}@media all and (max-width: 767px){.kt-svg-item-332_6aa042-0b .kb-svg-icon-wrap, .kt-svg-style-stacked.kt-svg-item-332_6aa042-0b .kb-svg-icon-wrap{font-size:40px;}}<\/style>\n<div class=\"wp-block-kadence-single-icon kt-svg-style-stacked kt-svg-icon-wrap kt-svg-item-332_6aa042-0b\"><a href=\"https:\/\/botschaft-senegal.de\/wp-content\/uploads\/2023\/08\/Visa-Form.pdf\" class=\"kt-svg-icon-link\"><span class=\"kb-svg-icon-wrap kb-svg-icon-fas_file-download\"><svg viewbox=\"0 0 384 512\"  fill=\"currentColor\" xmlns=\"http:\/\/www.w3.org\/2000\/svg\"  aria-hidden=\"true\"><path d=\"M224 136V0H24C10.7 0 0 10.7 0 24v464c0 13.3 10.7 24 24 24h336c13.3 0 24-10.7 24-24V160H248c-13.2 0-24-10.8-24-24zm76.45 211.36l-96.42 95.7c-6.65 6.61-17.39 6.61-24.04 0l-96.42-95.7C73.42 337.29 80.54 320 94.82 320H160v-80c0-8.84 7.16-16 16-16h32c8.84 0 16 7.16 16 16v80h65.18c14.28 0 21.4 17.29 11.27 27.36zM377 105L279.1 7c-4.5-4.5-10.6-7-17-7H256v128h128v-6.1c0-6.3-2.5-12.4-7-16.9z\"\/><\/svg><\/span><\/a><\/div>\n<\/div>\n<\/div>\n\n\n\n<p><\/p>\n<\/div>\n<\/div>\n<\/div>\n<\/div>","protected":false},"excerpt":{"rendered":"<p>Visa S\u00e9n\u00e9gal Ambassade S\u00e9n\u00e9gal  &#8211; Berlin &#8211; Embassy of Senegal in Germany visa application<\/p>","protected":false},"author":1,"featured_media":0,"parent":27,"menu_order":1,"comment_status":"closed","ping_status":"closed","template":"","meta":{"footnotes":""},"class_list":["post-332","page","type-page","status-publish","hentry"],"blocksy_meta":[],"yoast_head":"<!-- This site is optimized with the Yoast SEO plugin v27.5 - https:\/\/yoast.com\/product\/yoast-seo-wordpress\/ -->\n<title>Demande de visa \u00e0 l&#039;Ambassade du S\u00e9n\u00e9gal \u00e0 Berlin - Ambassade du S&eacute;n&eacute;gal en Allemagne<\/title>\n<meta name=\"description\" content=\"Visa S\u00e9n\u00e9gal - Visa Application - Tourism --- Visum \u2013 Tourismus \u2013 Investition --- Embassy of Senegal \u2013 Visa \u2013 Tourism-\" \/>\n<meta name=\"robots\" content=\"index, follow, max-snippet:-1, max-image-preview:large, max-video-preview:-1\" \/>\n<link rel=\"canonical\" href=\"https:\/\/botschaft-senegal.de\/de\/services-consulaires\/visa-senegal\/\" \/>\n<meta property=\"og:locale\" content=\"de_DE\" \/>\n<meta property=\"og:type\" content=\"article\" \/>\n<meta property=\"og:title\" content=\"Demande de visa \u00e0 l&#039;Ambassade du S\u00e9n\u00e9gal \u00e0 Berlin - Ambassade du S&eacute;n&eacute;gal en Allemagne\" \/>\n<meta property=\"og:description\" content=\"Visa S\u00e9n\u00e9gal - Visa Application - Tourism --- Visum \u2013 Tourismus \u2013 Investition --- Embassy of Senegal \u2013 Visa \u2013 Tourism-\" \/>\n<meta property=\"og:url\" content=\"https:\/\/botschaft-senegal.de\/de\/services-consulaires\/visa-senegal\/\" \/>\n<meta property=\"og:site_name\" content=\"Ambassade du S&eacute;n&eacute;gal en Allemagne\" \/>\n<meta property=\"article:modified_time\" content=\"2025-08-26T10:25:51+00:00\" \/>\n<meta property=\"og:image\" content=\"https:\/\/botschaft-senegal.de\/wp-content\/uploads\/2023\/08\/flag.jpg\" \/>\n\t<meta property=\"og:image:width\" content=\"266\" \/>\n\t<meta property=\"og:image:height\" content=\"198\" \/>\n\t<meta property=\"og:image:type\" content=\"image\/jpeg\" \/>\n<meta name=\"twitter:card\" content=\"summary_large_image\" \/>\n<meta name=\"twitter:label1\" content=\"Gesch\u00e4tzte Lesezeit\" \/>\n\t<meta name=\"twitter:data1\" content=\"1 Minute\" \/>\n<script type=\"application\/ld+json\" class=\"yoast-schema-graph\">{\"@context\":\"https:\\\/\\\/schema.org\",\"@graph\":[{\"@type\":\"WebPage\",\"@id\":\"https:\\\/\\\/botschaft-senegal.de\\\/services-consulaires\\\/visa-senegal\\\/\",\"url\":\"https:\\\/\\\/botschaft-senegal.de\\\/services-consulaires\\\/visa-senegal\\\/\",\"name\":\"Demande de visa \u00e0 l'Ambassade du S\u00e9n\u00e9gal \u00e0 Berlin - Ambassade du S&eacute;n&eacute;gal en Allemagne\",\"isPartOf\":{\"@id\":\"https:\\\/\\\/botschaft-senega-r4b19ptaoc.live-website.com\\\/#website\"},\"datePublished\":\"2023-08-07T10:28:42+00:00\",\"dateModified\":\"2025-08-26T10:25:51+00:00\",\"description\":\"Visa S\u00e9n\u00e9gal - Visa Application - Tourism --- Visum \u2013 Tourismus \u2013 Investition --- Embassy of Senegal \u2013 Visa \u2013 Tourism-\",\"breadcrumb\":{\"@id\":\"https:\\\/\\\/botschaft-senegal.de\\\/services-consulaires\\\/visa-senegal\\\/#breadcrumb\"},\"inLanguage\":\"de\",\"potentialAction\":[{\"@type\":\"ReadAction\",\"target\":[\"https:\\\/\\\/botschaft-senegal.de\\\/services-consulaires\\\/visa-senegal\\\/\"]}]},{\"@type\":\"BreadcrumbList\",\"@id\":\"https:\\\/\\\/botschaft-senegal.de\\\/services-consulaires\\\/visa-senegal\\\/#breadcrumb\",\"itemListElement\":[{\"@type\":\"ListItem\",\"position\":1,\"name\":\"Accueil\",\"item\":\"https:\\\/\\\/botschaft-senegal.de\\\/\"},{\"@type\":\"ListItem\",\"position\":2,\"name\":\"Nos services consulaires\",\"item\":\"https:\\\/\\\/botschaft-senegal.de\\\/services-consulaires\\\/\"},{\"@type\":\"ListItem\",\"position\":3,\"name\":\"Demande de visa \u00e0 l&rsquo;Ambassade du S\u00e9n\u00e9gal \u00e0 Berlin\"}]},{\"@type\":\"WebSite\",\"@id\":\"https:\\\/\\\/botschaft-senega-r4b19ptaoc.live-website.com\\\/#website\",\"url\":\"https:\\\/\\\/botschaft-senega-r4b19ptaoc.live-website.com\\\/\",\"name\":\"Ambassade du S\u00e9n\u00e9gal \u00e0 Berlin\",\"description\":\"Ambassade du S&eacute;n&eacute;gal &agrave; Berlin\",\"publisher\":{\"@id\":\"https:\\\/\\\/botschaft-senega-r4b19ptaoc.live-website.com\\\/#organization\"},\"alternateName\":\"Botschaft Senegal\",\"potentialAction\":[{\"@type\":\"SearchAction\",\"target\":{\"@type\":\"EntryPoint\",\"urlTemplate\":\"https:\\\/\\\/botschaft-senega-r4b19ptaoc.live-website.com\\\/?s={search_term_string}\"},\"query-input\":{\"@type\":\"PropertyValueSpecification\",\"valueRequired\":true,\"valueName\":\"search_term_string\"}}],\"inLanguage\":\"de\"},{\"@type\":\"Organization\",\"@id\":\"https:\\\/\\\/botschaft-senega-r4b19ptaoc.live-website.com\\\/#organization\",\"name\":\"Ambassade du S\u00e9n\u00e9gal \u00e0 Berlin - Botschaft Senegal\",\"alternateName\":\"Botschaft senegal\",\"url\":\"https:\\\/\\\/botschaft-senega-r4b19ptaoc.live-website.com\\\/\",\"logo\":{\"@type\":\"ImageObject\",\"inLanguage\":\"de\",\"@id\":\"https:\\\/\\\/botschaft-senega-r4b19ptaoc.live-website.com\\\/#\\\/schema\\\/logo\\\/image\\\/\",\"url\":\"https:\\\/\\\/botschaft-senegal.de\\\/wp-content\\\/uploads\\\/2023\\\/07\\\/logo.svg.png\",\"contentUrl\":\"https:\\\/\\\/botschaft-senegal.de\\\/wp-content\\\/uploads\\\/2023\\\/07\\\/logo.svg.png\",\"width\":200,\"height\":237,\"caption\":\"Ambassade du S\u00e9n\u00e9gal \u00e0 Berlin - Botschaft Senegal\"},\"image\":{\"@id\":\"https:\\\/\\\/botschaft-senega-r4b19ptaoc.live-website.com\\\/#\\\/schema\\\/logo\\\/image\\\/\"}}]}<\/script>\n<!-- \/ Yoast SEO plugin. -->","yoast_head_json":{"title":"Demande de visa \u00e0 l'Ambassade du S\u00e9n\u00e9gal \u00e0 Berlin - Ambassade du S&eacute;n&eacute;gal en Allemagne","description":"Visa S\u00e9n\u00e9gal - Visa Application - Tourism --- Visum \u2013 Tourismus \u2013 Investition --- Embassy of Senegal \u2013 Visa \u2013 Tourism-","robots":{"index":"index","follow":"follow","max-snippet":"max-snippet:-1","max-image-preview":"max-image-preview:large","max-video-preview":"max-video-preview:-1"},"canonical":"https:\/\/botschaft-senegal.de\/de\/services-consulaires\/visa-senegal\/","og_locale":"de_DE","og_type":"article","og_title":"Demande de visa \u00e0 l'Ambassade du S\u00e9n\u00e9gal \u00e0 Berlin - Ambassade du S&eacute;n&eacute;gal en Allemagne","og_description":"Visa S\u00e9n\u00e9gal - Visa Application - Tourism --- Visum \u2013 Tourismus \u2013 Investition --- Embassy of Senegal \u2013 Visa \u2013 Tourism-","og_url":"https:\/\/botschaft-senegal.de\/de\/services-consulaires\/visa-senegal\/","og_site_name":"Ambassade du S&eacute;n&eacute;gal en Allemagne","article_modified_time":"2025-08-26T10:25:51+00:00","og_image":[{"width":266,"height":198,"url":"https:\/\/botschaft-senegal.de\/wp-content\/uploads\/2023\/08\/flag.jpg","type":"image\/jpeg"}],"twitter_card":"summary_large_image","twitter_misc":{"Gesch\u00e4tzte Lesezeit":"1 Minute"},"schema":{"@context":"https:\/\/schema.org","@graph":[{"@type":"WebPage","@id":"https:\/\/botschaft-senegal.de\/services-consulaires\/visa-senegal\/","url":"https:\/\/botschaft-senegal.de\/services-consulaires\/visa-senegal\/","name":"Demande de visa \u00e0 l'Ambassade du S\u00e9n\u00e9gal \u00e0 Berlin - Ambassade du S&eacute;n&eacute;gal en Allemagne","isPartOf":{"@id":"https:\/\/botschaft-senega-r4b19ptaoc.live-website.com\/#website"},"datePublished":"2023-08-07T10:28:42+00:00","dateModified":"2025-08-26T10:25:51+00:00","description":"Visa S\u00e9n\u00e9gal - Visa Application - Tourism --- Visum \u2013 Tourismus \u2013 Investition --- Embassy of Senegal \u2013 Visa \u2013 Tourism-","breadcrumb":{"@id":"https:\/\/botschaft-senegal.de\/services-consulaires\/visa-senegal\/#breadcrumb"},"inLanguage":"de","potentialAction":[{"@type":"ReadAction","target":["https:\/\/botschaft-senegal.de\/services-consulaires\/visa-senegal\/"]}]},{"@type":"BreadcrumbList","@id":"https:\/\/botschaft-senegal.de\/services-consulaires\/visa-senegal\/#breadcrumb","itemListElement":[{"@type":"ListItem","position":1,"name":"Accueil","item":"https:\/\/botschaft-senegal.de\/"},{"@type":"ListItem","position":2,"name":"Nos services consulaires","item":"https:\/\/botschaft-senegal.de\/services-consulaires\/"},{"@type":"ListItem","position":3,"name":"Demande de visa \u00e0 l&rsquo;Ambassade du S\u00e9n\u00e9gal \u00e0 Berlin"}]},{"@type":"WebSite","@id":"https:\/\/botschaft-senega-r4b19ptaoc.live-website.com\/#website","url":"https:\/\/botschaft-senega-r4b19ptaoc.live-website.com\/","name":"Ambassade du S\u00e9n\u00e9gal \u00e0 Berlin","description":"Ambassade du S&eacute;n&eacute;gal &agrave; Berlin","publisher":{"@id":"https:\/\/botschaft-senega-r4b19ptaoc.live-website.com\/#organization"},"alternateName":"Botschaft Senegal","potentialAction":[{"@type":"SearchAction","target":{"@type":"EntryPoint","urlTemplate":"https:\/\/botschaft-senega-r4b19ptaoc.live-website.com\/?s={search_term_string}"},"query-input":{"@type":"PropertyValueSpecification","valueRequired":true,"valueName":"search_term_string"}}],"inLanguage":"de"},{"@type":"Organization","@id":"https:\/\/botschaft-senega-r4b19ptaoc.live-website.com\/#organization","name":"Ambassade du S\u00e9n\u00e9gal \u00e0 Berlin - Botschaft Senegal","alternateName":"Botschaft senegal","url":"https:\/\/botschaft-senega-r4b19ptaoc.live-website.com\/","logo":{"@type":"ImageObject","inLanguage":"de","@id":"https:\/\/botschaft-senega-r4b19ptaoc.live-website.com\/#\/schema\/logo\/image\/","url":"https:\/\/botschaft-senegal.de\/wp-content\/uploads\/2023\/07\/logo.svg.png","contentUrl":"https:\/\/botschaft-senegal.de\/wp-content\/uploads\/2023\/07\/logo.svg.png","width":200,"height":237,"caption":"Ambassade du S\u00e9n\u00e9gal \u00e0 Berlin - Botschaft Senegal"},"image":{"@id":"https:\/\/botschaft-senega-r4b19ptaoc.live-website.com\/#\/schema\/logo\/image\/"}}]}},"_links":{"self":[{"href":"https:\/\/botschaft-senegal.de\/de\/wp-json\/wp\/v2\/pages\/332","targetHints":{"allow":["GET"]}}],"collection":[{"href":"https:\/\/botschaft-senegal.de\/de\/wp-json\/wp\/v2\/pages"}],"about":[{"href":"https:\/\/botschaft-senegal.de\/de\/wp-json\/wp\/v2\/types\/page"}],"author":[{"embeddable":true,"href":"https:\/\/botschaft-senegal.de\/de\/wp-json\/wp\/v2\/users\/1"}],"replies":[{"embeddable":true,"href":"https:\/\/botschaft-senegal.de\/de\/wp-json\/wp\/v2\/comments?post=332"}],"version-history":[{"count":31,"href":"https:\/\/botschaft-senegal.de\/de\/wp-json\/wp\/v2\/pages\/332\/revisions"}],"predecessor-version":[{"id":1263,"href":"https:\/\/botschaft-senegal.de\/de\/wp-json\/wp\/v2\/pages\/332\/revisions\/1263"}],"up":[{"embeddable":true,"href":"https:\/\/botschaft-senegal.de\/de\/wp-json\/wp\/v2\/pages\/27"}],"wp:attachment":[{"href":"https:\/\/botschaft-senegal.de\/de\/wp-json\/wp\/v2\/media?parent=332"}],"curies":[{"name":"wp","href":"https:\/\/api.w.org\/{rel}","templated":true}]}}