{"id":600,"date":"2023-08-13T22:42:23","date_gmt":"2023-08-13T20:42:23","guid":{"rendered":"https:\/\/botschaft-senegal.de\/?page_id=600"},"modified":"2023-08-13T23:00:05","modified_gmt":"2023-08-13T21:00:05","slug":"visitez-dakar","status":"publish","type":"page","link":"https:\/\/botschaft-senegal.de\/de\/senegal\/tourisme\/visitez-dakar\/","title":{"rendered":"Visitez Dakar"},"content":{"rendered":"<h2 class=\"wp-block-heading has-large-font-size\">Explorez Dakar<\/h2>\n\n\n\n<p>Situ\u00e9 \u00e0 l\u2019extr\u00e9mit\u00e9 Ouest du continent Africain et face \u00e0 l\u2019Oc\u00e9an Atlantique, Dakar se d\u00e9ploie, dans des contrastes saisissants, entre modernit\u00e9 et authenticit\u00e9. La capitale ravit ceux qui ont la belle id\u00e9e d\u2019y s\u00e9journer plus que le temps d\u2019une escale. Ses march\u00e9s anim\u00e9s, sa vie nocturne exub\u00e9rante, ses \u00eeles paisibles juste au large,&nbsp;ses sites charg\u00e9s d\u2019histoire, ses villages artisanaux mais surtout ses authentiques villages de p\u00eacheurs, forment un kal\u00e9idoscope surprenant. Vivante et chaleureuse, Dakar est une ville captivante qui offre une myriade de possibilit\u00e9s pour les voyageurs. &nbsp;<\/p>\n\n\n\n<p>D\u00e9couvrez, les meilleurs spots de surf longtemps gard\u00e9s secret, embarquez et passez la journ\u00e9e sur l\u2019\u00cele de Gor\u00e9e, impr\u00e9gnez-vous de la beaut\u00e9 des mosqu\u00e9es et des \u00e9glises, essayez-vous \u00e0 la n\u00e9gociation dans les march\u00e9 locaux, baladez-vous dans les galeries d\u2019art et les mus\u00e9es, savourez des plats traditionnels s\u00e9n\u00e9galais et contemplez les toits de Dakar en montant au sommet de la plus grande statue d\u2019Afrique. Amateurs de loisirs et de soleil ? La c\u00f4te dakaroise est l\u2019endroit id\u00e9al, bord\u00e9e de plages intimes et de longues bandes de sable fin face aux vagues de l\u2019Oc\u00e9an. Dakar dispose d\u2019une situation g\u00e9ographique id\u00e9ale pour une p\u00eache au large, et ses fonds marins sont appr\u00e9ci\u00e9s des amateurs de plong\u00e9e. D\u2019autres plaisirs sont au rendez-vous : d\u00e9gustation de fruits de mer et ambiance nocturne assur\u00e9e.<\/p>\n\n\n<style>.kb-gallery-id-600_c54ffc-88.kb-gallery-ul.kb-gallery-type-fluidcarousel .kt-blocks-carousel figure .kb-gal-image-radius, .kb-gallery-id-600_c54ffc-88.kb-gallery-ul.kb-gallery-type-fluidcarousel .kt-blocks-carousel figure .kb-gal-image-radius img{height:300px;}.kb-gallery-id-600_c54ffc-88 .kadence-blocks-gallery-item .kb-gal-image-radius, .kb-gallery-id-600_c54ffc-88 .kb-slide-item .kb-gal-image-radius img{border-radius:0px 0px 0px 0px;;}.kb-gallery-wrap-id-600_c54ffc-88.wp-block-kadence-advancedgallery{overflow:visible;}.kb-gallery-wrap-id-600_c54ffc-88.wp-block-kadence-advancedgallery .kt-blocks-carousel{overflow:visible;max-width:100%;}<\/style><div class=\"kb-gallery-wrap-id-600_c54ffc-88 alignnone wp-block-kadence-advancedgallery\"><div class=\"kb-gallery-ul kb-gallery-non-static kb-gallery-type-fluidcarousel kb-gallery-id-600_c54ffc-88 kb-gallery-caption-style-bottom-hover kb-gallery-filter-none\" data-image-filter=\"none\" data-lightbox-caption=\"true\"><div class=\"kt-blocks-carousel splide kt-carousel-container-dotstyle-dark kt-carousel-arrowstyle-whiteondark kt-carousel-dotstyle-dark kb-slider-group-arrow kb-slider-arrow-position-center\" data-slider-anim-speed=\"400\" data-slider-scroll=\"1\" data-slider-arrows=\"true\" data-slider-dots=\"true\" data-slider-hover-pause=\"false\" data-slider-auto=\"\" data-slider-speed=\"7000\" data-slider-type=\"fluidcarousel\" data-slider-center-mode=\"true\" data-slider-gap=\"10px\" data-slider-gap-tablet=\"10px\" data-slider-gap-mobile=\"10px\" data-show-pause-button=\"false\"><div class=\"splide__track\"><ul class=\"kt-blocks-carousel-init kb-blocks-fluid-carousel splide__list\"><li class=\"kb-slide-item kb-gallery-carousel-item splide__slide\"><div class=\"kadence-blocks-gallery-item\"><div class=\"kadence-blocks-gallery-item-inner\"><figure class=\"kb-gallery-figure kadence-blocks-gallery-item-hide-caption\"><div class=\"kb-gal-image-radius\"><div class=\"kb-gallery-image-contain\" ><img loading=\"lazy\" decoding=\"async\" src=\"https:\/\/botschaft-senegal.de\/wp-content\/uploads\/2023\/08\/Ile-de-goree-Destination-Senegal-1024x1024.png\" width=\"1024\" height=\"1024\" alt=\"\u00cele de Gor\u00e9e\" data-full-image=\"https:\/\/botschaft-senegal.de\/wp-content\/uploads\/2023\/08\/Ile-de-goree-Destination-Senegal.png\" data-light-image=\"https:\/\/botschaft-senegal.de\/wp-content\/uploads\/2023\/08\/Ile-de-goree-Destination-Senegal.png\" data-id=\"474\" class=\"wp-image-474 skip-lazy\" srcset=\"https:\/\/botschaft-senegal.de\/wp-content\/uploads\/2023\/08\/Ile-de-goree-Destination-Senegal-1024x1024.png 1024w, https:\/\/botschaft-senegal.de\/wp-content\/uploads\/2023\/08\/Ile-de-goree-Destination-Senegal-300x300.png 300w, https:\/\/botschaft-senegal.de\/wp-content\/uploads\/2023\/08\/Ile-de-goree-Destination-Senegal-150x150.png 150w, https:\/\/botschaft-senegal.de\/wp-content\/uploads\/2023\/08\/Ile-de-goree-Destination-Senegal-768x768.png 768w, https:\/\/botschaft-senegal.de\/wp-content\/uploads\/2023\/08\/Ile-de-goree-Destination-Senegal.png 1080w\" sizes=\"auto, (max-width: 1024px) 100vw, 1024px\" \/><\/div><\/div><\/figure><\/div><\/div><\/li><li class=\"kb-slide-item kb-gallery-carousel-item splide__slide\"><div class=\"kadence-blocks-gallery-item\"><div class=\"kadence-blocks-gallery-item-inner\"><figure class=\"kb-gallery-figure kadence-blocks-gallery-item-hide-caption\"><div class=\"kb-gal-image-radius\"><div class=\"kb-gallery-image-contain\" ><img loading=\"lazy\" decoding=\"async\" src=\"https:\/\/botschaft-senegal.de\/wp-content\/uploads\/2023\/08\/Soumbedioune-4-1024x684.jpg\" width=\"1024\" height=\"684\" alt=\"\" data-full-image=\"https:\/\/botschaft-senegal.de\/wp-content\/uploads\/2023\/08\/Soumbedioune-4-scaled.jpg\" data-light-image=\"https:\/\/botschaft-senegal.de\/wp-content\/uploads\/2023\/08\/Soumbedioune-4-scaled.jpg\" data-id=\"472\" class=\"wp-image-472 skip-lazy\" srcset=\"https:\/\/botschaft-senegal.de\/wp-content\/uploads\/2023\/08\/Soumbedioune-4-1024x684.jpg 1024w, https:\/\/botschaft-senegal.de\/wp-content\/uploads\/2023\/08\/Soumbedioune-4-300x200.jpg 300w, https:\/\/botschaft-senegal.de\/wp-content\/uploads\/2023\/08\/Soumbedioune-4-768x513.jpg 768w, https:\/\/botschaft-senegal.de\/wp-content\/uploads\/2023\/08\/Soumbedioune-4-1536x1025.jpg 1536w, https:\/\/botschaft-senegal.de\/wp-content\/uploads\/2023\/08\/Soumbedioune-4-2048x1367.jpg 2048w\" sizes=\"auto, (max-width: 1024px) 100vw, 1024px\" \/><\/div><\/div><\/figure><\/div><\/div><\/li><li class=\"kb-slide-item kb-gallery-carousel-item splide__slide\"><div class=\"kadence-blocks-gallery-item\"><div class=\"kadence-blocks-gallery-item-inner\"><figure class=\"kb-gallery-figure kadence-blocks-gallery-item-hide-caption\"><div class=\"kb-gal-image-radius\"><div class=\"kb-gallery-image-contain\" ><img loading=\"lazy\" decoding=\"async\" src=\"https:\/\/botschaft-senegal.de\/wp-content\/uploads\/2023\/08\/Visite-Goree-Destination-Senegal-1024x576.jpg\" width=\"1024\" height=\"576\" alt=\"\" data-full-image=\"https:\/\/botschaft-senegal.de\/wp-content\/uploads\/2023\/08\/Visite-Goree-Destination-Senegal.jpg\" data-light-image=\"https:\/\/botschaft-senegal.de\/wp-content\/uploads\/2023\/08\/Visite-Goree-Destination-Senegal.jpg\" data-id=\"473\" class=\"wp-image-473 skip-lazy\" srcset=\"https:\/\/botschaft-senegal.de\/wp-content\/uploads\/2023\/08\/Visite-Goree-Destination-Senegal-1024x576.jpg 1024w, https:\/\/botschaft-senegal.de\/wp-content\/uploads\/2023\/08\/Visite-Goree-Destination-Senegal-300x169.jpg 300w, https:\/\/botschaft-senegal.de\/wp-content\/uploads\/2023\/08\/Visite-Goree-Destination-Senegal-768x432.jpg 768w, https:\/\/botschaft-senegal.de\/wp-content\/uploads\/2023\/08\/Visite-Goree-Destination-Senegal-1536x864.jpg 1536w, https:\/\/botschaft-senegal.de\/wp-content\/uploads\/2023\/08\/Visite-Goree-Destination-Senegal.jpg 2048w\" sizes=\"auto, (max-width: 1024px) 100vw, 1024px\" \/><\/div><\/div><\/figure><\/div><\/div><\/li><li class=\"kb-slide-item kb-gallery-carousel-item splide__slide\"><div class=\"kadence-blocks-gallery-item\"><div class=\"kadence-blocks-gallery-item-inner\"><figure class=\"kb-gallery-figure kadence-blocks-gallery-item-hide-caption\"><div class=\"kb-gal-image-radius\"><div class=\"kb-gallery-image-contain\" ><img loading=\"lazy\" decoding=\"async\" src=\"https:\/\/botschaft-senegal.de\/wp-content\/uploads\/2023\/08\/Galerie_ngor-3-1024x684.jpg\" width=\"1024\" height=\"684\" alt=\"\" data-full-image=\"https:\/\/botschaft-senegal.de\/wp-content\/uploads\/2023\/08\/Galerie_ngor-3-scaled.jpg\" data-light-image=\"https:\/\/botschaft-senegal.de\/wp-content\/uploads\/2023\/08\/Galerie_ngor-3-scaled.jpg\" data-id=\"445\" class=\"wp-image-445 skip-lazy\" srcset=\"https:\/\/botschaft-senegal.de\/wp-content\/uploads\/2023\/08\/Galerie_ngor-3-1024x684.jpg 1024w, https:\/\/botschaft-senegal.de\/wp-content\/uploads\/2023\/08\/Galerie_ngor-3-300x200.jpg 300w, https:\/\/botschaft-senegal.de\/wp-content\/uploads\/2023\/08\/Galerie_ngor-3-768x513.jpg 768w, https:\/\/botschaft-senegal.de\/wp-content\/uploads\/2023\/08\/Galerie_ngor-3-1536x1026.jpg 1536w, https:\/\/botschaft-senegal.de\/wp-content\/uploads\/2023\/08\/Galerie_ngor-3-2048x1367.jpg 2048w\" sizes=\"auto, (max-width: 1024px) 100vw, 1024px\" \/><\/div><\/div><\/figure><\/div><\/div><\/li><li class=\"kb-slide-item kb-gallery-carousel-item splide__slide\"><div class=\"kadence-blocks-gallery-item\"><div class=\"kadence-blocks-gallery-item-inner\"><figure class=\"kb-gallery-figure kadence-blocks-gallery-item-hide-caption\"><div class=\"kb-gal-image-radius\"><div class=\"kb-gallery-image-contain\" ><img loading=\"lazy\" decoding=\"async\" src=\"https:\/\/botschaft-senegal.de\/wp-content\/uploads\/2023\/08\/Galerie_ngor-4-1024x684.jpg\" width=\"1024\" height=\"684\" alt=\"Ngor\" data-full-image=\"https:\/\/botschaft-senegal.de\/wp-content\/uploads\/2023\/08\/Galerie_ngor-4-scaled.jpg\" data-light-image=\"https:\/\/botschaft-senegal.de\/wp-content\/uploads\/2023\/08\/Galerie_ngor-4-scaled.jpg\" data-id=\"446\" class=\"wp-image-446 skip-lazy\" srcset=\"https:\/\/botschaft-senegal.de\/wp-content\/uploads\/2023\/08\/Galerie_ngor-4-1024x684.jpg 1024w, https:\/\/botschaft-senegal.de\/wp-content\/uploads\/2023\/08\/Galerie_ngor-4-300x200.jpg 300w, https:\/\/botschaft-senegal.de\/wp-content\/uploads\/2023\/08\/Galerie_ngor-4-768x513.jpg 768w, https:\/\/botschaft-senegal.de\/wp-content\/uploads\/2023\/08\/Galerie_ngor-4-1536x1026.jpg 1536w, https:\/\/botschaft-senegal.de\/wp-content\/uploads\/2023\/08\/Galerie_ngor-4-2048x1367.jpg 2048w\" sizes=\"auto, (max-width: 1024px) 100vw, 1024px\" \/><\/div><\/div><\/figure><\/div><\/div><\/li><li class=\"kb-slide-item kb-gallery-carousel-item splide__slide\"><div class=\"kadence-blocks-gallery-item\"><div class=\"kadence-blocks-gallery-item-inner\"><figure class=\"kb-gallery-figure kadence-blocks-gallery-item-hide-caption\"><div class=\"kb-gal-image-radius\"><div class=\"kb-gallery-image-contain\" ><img loading=\"lazy\" decoding=\"async\" src=\"https:\/\/botschaft-senegal.de\/wp-content\/uploads\/2023\/08\/Galerie_gore-17.jpg\" width=\"933\" height=\"699\" alt=\"Bienvenue \u00e0 l&#039;\u00eele de Gor\u00e9e\" data-full-image=\"https:\/\/botschaft-senegal.de\/wp-content\/uploads\/2023\/08\/Galerie_gore-17.jpg\" data-light-image=\"https:\/\/botschaft-senegal.de\/wp-content\/uploads\/2023\/08\/Galerie_gore-17.jpg\" data-id=\"434\" class=\"wp-image-434 skip-lazy\" srcset=\"https:\/\/botschaft-senegal.de\/wp-content\/uploads\/2023\/08\/Galerie_gore-17.jpg 933w, https:\/\/botschaft-senegal.de\/wp-content\/uploads\/2023\/08\/Galerie_gore-17-300x225.jpg 300w, https:\/\/botschaft-senegal.de\/wp-content\/uploads\/2023\/08\/Galerie_gore-17-768x575.jpg 768w\" sizes=\"auto, (max-width: 933px) 100vw, 933px\" \/><\/div><\/div><\/figure><\/div><\/div><\/li><li class=\"kb-slide-item kb-gallery-carousel-item splide__slide\"><div class=\"kadence-blocks-gallery-item\"><div class=\"kadence-blocks-gallery-item-inner\"><figure class=\"kb-gallery-figure kadence-blocks-gallery-item-hide-caption\"><div class=\"kb-gal-image-radius\"><div class=\"kb-gallery-image-contain\" ><img loading=\"lazy\" decoding=\"async\" src=\"https:\/\/botschaft-senegal.de\/wp-content\/uploads\/2023\/08\/Galerie_gore-5-1024x684.jpg\" width=\"1024\" height=\"684\" alt=\"Artiste de Gor\u00e9e\" data-full-image=\"https:\/\/botschaft-senegal.de\/wp-content\/uploads\/2023\/08\/Galerie_gore-5-scaled.jpg\" data-light-image=\"https:\/\/botschaft-senegal.de\/wp-content\/uploads\/2023\/08\/Galerie_gore-5-scaled.jpg\" data-id=\"438\" class=\"wp-image-438 skip-lazy\" srcset=\"https:\/\/botschaft-senegal.de\/wp-content\/uploads\/2023\/08\/Galerie_gore-5-1024x684.jpg 1024w, https:\/\/botschaft-senegal.de\/wp-content\/uploads\/2023\/08\/Galerie_gore-5-300x200.jpg 300w, https:\/\/botschaft-senegal.de\/wp-content\/uploads\/2023\/08\/Galerie_gore-5-768x513.jpg 768w, https:\/\/botschaft-senegal.de\/wp-content\/uploads\/2023\/08\/Galerie_gore-5-1536x1026.jpg 1536w, https:\/\/botschaft-senegal.de\/wp-content\/uploads\/2023\/08\/Galerie_gore-5-2048x1367.jpg 2048w\" sizes=\"auto, (max-width: 1024px) 100vw, 1024px\" \/><\/div><\/div><\/figure><\/div><\/div><\/li><li class=\"kb-slide-item kb-gallery-carousel-item splide__slide\"><div class=\"kadence-blocks-gallery-item\"><div class=\"kadence-blocks-gallery-item-inner\"><figure class=\"kb-gallery-figure kadence-blocks-gallery-item-hide-caption\"><div class=\"kb-gal-image-radius\"><div class=\"kb-gallery-image-contain\" ><img loading=\"lazy\" decoding=\"async\" src=\"https:\/\/botschaft-senegal.de\/wp-content\/uploads\/2023\/08\/Galerie_gore-16.jpg\" width=\"933\" height=\"699\" alt=\"\" data-full-image=\"https:\/\/botschaft-senegal.de\/wp-content\/uploads\/2023\/08\/Galerie_gore-16.jpg\" data-light-image=\"https:\/\/botschaft-senegal.de\/wp-content\/uploads\/2023\/08\/Galerie_gore-16.jpg\" data-id=\"433\" class=\"wp-image-433 skip-lazy\" srcset=\"https:\/\/botschaft-senegal.de\/wp-content\/uploads\/2023\/08\/Galerie_gore-16.jpg 933w, https:\/\/botschaft-senegal.de\/wp-content\/uploads\/2023\/08\/Galerie_gore-16-300x225.jpg 300w, https:\/\/botschaft-senegal.de\/wp-content\/uploads\/2023\/08\/Galerie_gore-16-768x575.jpg 768w\" sizes=\"auto, (max-width: 933px) 100vw, 933px\" \/><\/div><\/div><\/figure><\/div><\/div><\/li><li class=\"kb-slide-item kb-gallery-carousel-item splide__slide\"><div class=\"kadence-blocks-gallery-item\"><div class=\"kadence-blocks-gallery-item-inner\"><figure class=\"kb-gallery-figure kadence-blocks-gallery-item-hide-caption\"><div class=\"kb-gal-image-radius\"><div class=\"kb-gallery-image-contain\" ><img loading=\"lazy\" decoding=\"async\" src=\"https:\/\/botschaft-senegal.de\/wp-content\/uploads\/2023\/08\/Ifan-3-1024x684.jpg\" width=\"1024\" height=\"684\" alt=\"\" data-full-image=\"https:\/\/botschaft-senegal.de\/wp-content\/uploads\/2023\/08\/Ifan-3-scaled.jpg\" data-light-image=\"https:\/\/botschaft-senegal.de\/wp-content\/uploads\/2023\/08\/Ifan-3-scaled.jpg\" data-id=\"459\" class=\"wp-image-459 skip-lazy\" srcset=\"https:\/\/botschaft-senegal.de\/wp-content\/uploads\/2023\/08\/Ifan-3-1024x684.jpg 1024w, https:\/\/botschaft-senegal.de\/wp-content\/uploads\/2023\/08\/Ifan-3-300x200.jpg 300w, https:\/\/botschaft-senegal.de\/wp-content\/uploads\/2023\/08\/Ifan-3-768x513.jpg 768w, https:\/\/botschaft-senegal.de\/wp-content\/uploads\/2023\/08\/Ifan-3-1536x1025.jpg 1536w, https:\/\/botschaft-senegal.de\/wp-content\/uploads\/2023\/08\/Ifan-3-2048x1367.jpg 2048w\" sizes=\"auto, (max-width: 1024px) 100vw, 1024px\" \/><\/div><\/div><\/figure><\/div><\/div><\/li><li class=\"kb-slide-item kb-gallery-carousel-item splide__slide\"><div class=\"kadence-blocks-gallery-item\"><div class=\"kadence-blocks-gallery-item-inner\"><figure class=\"kb-gallery-figure kadence-blocks-gallery-item-hide-caption\"><div class=\"kb-gal-image-radius\"><div class=\"kb-gallery-image-contain\" ><img loading=\"lazy\" decoding=\"async\" src=\"https:\/\/botschaft-senegal.de\/wp-content\/uploads\/2023\/08\/Ifan-2-1024x684.jpg\" width=\"1024\" height=\"684\" alt=\"\" data-full-image=\"https:\/\/botschaft-senegal.de\/wp-content\/uploads\/2023\/08\/Ifan-2-scaled.jpg\" data-light-image=\"https:\/\/botschaft-senegal.de\/wp-content\/uploads\/2023\/08\/Ifan-2-scaled.jpg\" data-id=\"458\" class=\"wp-image-458 skip-lazy\" srcset=\"https:\/\/botschaft-senegal.de\/wp-content\/uploads\/2023\/08\/Ifan-2-1024x684.jpg 1024w, https:\/\/botschaft-senegal.de\/wp-content\/uploads\/2023\/08\/Ifan-2-300x200.jpg 300w, https:\/\/botschaft-senegal.de\/wp-content\/uploads\/2023\/08\/Ifan-2-768x513.jpg 768w, https:\/\/botschaft-senegal.de\/wp-content\/uploads\/2023\/08\/Ifan-2-1536x1025.jpg 1536w, https:\/\/botschaft-senegal.de\/wp-content\/uploads\/2023\/08\/Ifan-2-2048x1367.jpg 2048w\" sizes=\"auto, (max-width: 1024px) 100vw, 1024px\" \/><\/div><\/div><\/figure><\/div><\/div><\/li><li class=\"kb-slide-item kb-gallery-carousel-item splide__slide\"><div class=\"kadence-blocks-gallery-item\"><div class=\"kadence-blocks-gallery-item-inner\"><figure class=\"kb-gallery-figure kadence-blocks-gallery-item-hide-caption\"><div class=\"kb-gal-image-radius\"><div class=\"kb-gallery-image-contain\" ><img loading=\"lazy\" decoding=\"async\" src=\"https:\/\/botschaft-senegal.de\/wp-content\/uploads\/2023\/08\/Lac-rose.png\" width=\"298\" height=\"183\" alt=\"\" data-full-image=\"https:\/\/botschaft-senegal.de\/wp-content\/uploads\/2023\/08\/Lac-rose.png\" data-light-image=\"https:\/\/botschaft-senegal.de\/wp-content\/uploads\/2023\/08\/Lac-rose.png\" data-id=\"526\" class=\"wp-image-526 skip-lazy\"\/><\/div><\/div><\/figure><\/div><\/div><\/li><li class=\"kb-slide-item kb-gallery-carousel-item splide__slide\"><div class=\"kadence-blocks-gallery-item\"><div class=\"kadence-blocks-gallery-item-inner\"><figure class=\"kb-gallery-figure kadence-blocks-gallery-item-hide-caption\"><div class=\"kb-gal-image-radius\"><div class=\"kb-gallery-image-contain\" ><img loading=\"lazy\" decoding=\"async\" src=\"https:\/\/botschaft-senegal.de\/wp-content\/uploads\/2023\/08\/Monument-de-la-renaissance-3-1024x768.jpg\" width=\"1024\" height=\"768\" alt=\"\" data-full-image=\"https:\/\/botschaft-senegal.de\/wp-content\/uploads\/2023\/08\/Monument-de-la-renaissance-3.jpg\" data-light-image=\"https:\/\/botschaft-senegal.de\/wp-content\/uploads\/2023\/08\/Monument-de-la-renaissance-3.jpg\" data-id=\"464\" class=\"wp-image-464 skip-lazy\" srcset=\"https:\/\/botschaft-senegal.de\/wp-content\/uploads\/2023\/08\/Monument-de-la-renaissance-3-1024x768.jpg 1024w, https:\/\/botschaft-senegal.de\/wp-content\/uploads\/2023\/08\/Monument-de-la-renaissance-3-300x225.jpg 300w, https:\/\/botschaft-senegal.de\/wp-content\/uploads\/2023\/08\/Monument-de-la-renaissance-3-768x576.jpg 768w, https:\/\/botschaft-senegal.de\/wp-content\/uploads\/2023\/08\/Monument-de-la-renaissance-3-1536x1152.jpg 1536w, https:\/\/botschaft-senegal.de\/wp-content\/uploads\/2023\/08\/Monument-de-la-renaissance-3.jpg 2016w\" sizes=\"auto, (max-width: 1024px) 100vw, 1024px\" \/><\/div><\/div><\/figure><\/div><\/div><\/li><li class=\"kb-slide-item kb-gallery-carousel-item splide__slide\"><div class=\"kadence-blocks-gallery-item\"><div class=\"kadence-blocks-gallery-item-inner\"><figure class=\"kb-gallery-figure kadence-blocks-gallery-item-hide-caption\"><div class=\"kb-gal-image-radius\"><div class=\"kb-gallery-image-contain\" ><img loading=\"lazy\" decoding=\"async\" src=\"https:\/\/botschaft-senegal.de\/wp-content\/uploads\/2023\/08\/Monument-de-la-renaissance-2-772x1024.jpg\" width=\"772\" height=\"1024\" alt=\"Monument de la renaissance Africaine\" data-full-image=\"https:\/\/botschaft-senegal.de\/wp-content\/uploads\/2023\/08\/Monument-de-la-renaissance-2.jpg\" data-light-image=\"https:\/\/botschaft-senegal.de\/wp-content\/uploads\/2023\/08\/Monument-de-la-renaissance-2.jpg\" data-id=\"463\" class=\"wp-image-463 skip-lazy\" srcset=\"https:\/\/botschaft-senegal.de\/wp-content\/uploads\/2023\/08\/Monument-de-la-renaissance-2-772x1024.jpg 772w, https:\/\/botschaft-senegal.de\/wp-content\/uploads\/2023\/08\/Monument-de-la-renaissance-2-226x300.jpg 226w, https:\/\/botschaft-senegal.de\/wp-content\/uploads\/2023\/08\/Monument-de-la-renaissance-2-768x1019.jpg 768w, https:\/\/botschaft-senegal.de\/wp-content\/uploads\/2023\/08\/Monument-de-la-renaissance-2-1158x1536.jpg 1158w, https:\/\/botschaft-senegal.de\/wp-content\/uploads\/2023\/08\/Monument-de-la-renaissance-2.jpg 1450w\" sizes=\"auto, (max-width: 772px) 100vw, 772px\" \/><\/div><\/div><\/figure><\/div><\/div><\/li><\/ul><\/div><\/div><\/div><\/div>\n\n\n<h2 class=\"wp-block-heading\">Les  lieux \u00e0 visiter \u00e0 Dakar<\/h2>\n\n\n\n<h3 class=\"wp-block-heading\">\u00eeles de Gor\u00e9e <\/h3>\n\n\n\n<p>Au large des c\u00f4tes de Dakar, Gor\u00e9e exerce une fascination extraordinaire sur ses visiteurs, c\u00e9l\u00e8bres et anonymes. Un lieu unique, charg\u00e9 d\u2019\u00e9motion, o\u00f9 les maisons aux fa\u00e7ades ocres et roses, laissent deviner, \u00e0 travers leurs volets bleus, l\u2019histoire de l\u2019esclavage. La visite de la Maison des Esclaves, berc\u00e9e par le r\u00e9cit lyrique qui l\u2019accompagne, vous transporte dans le temps.<\/p>\n\n\n\n<p>Les vibrations des fant\u00f4mes du pass\u00e9 sont ressenties dans chaque pi\u00e8ce, en particulier devant la \u00ab porte du non retour \u00bb, \u00e9tonnante de contraste, entre la noirceur du couloir et le bleu de l\u2019Oc\u00e9an. Aussi, l\u2019incroyable beaut\u00e9 de l\u2019\u00eele, m\u00e9lange attachant de qui\u00e9tude et de raffinement, les mus\u00e9es et le travail fascinant des artistes peintres locaux, font le prix d\u2019une visite de Gor\u00e9e.<\/p>\n\n\n\n<h3 class=\"wp-block-heading\">Le lac rose<\/h3>\n\n\n\n<p>A 40 km de Dakar, le lac Retba est un lagon entour\u00e9 de dunes et de filaos. Sa couleur rose est surprenante, due \u00e0 une algue microscopique, qui, par l\u2019action des rayons du soleil, oxyde le fer carbonique contenu dans l\u2019eau sal\u00e9e.&nbsp;<\/p>\n\n\n\n<p>C\u00e9l\u00e8bre gr\u00e2ce au rallye Paris \u2013Dakar dont il a \u00e9t\u00e9 l\u2019ultime \u00e9tape pendant des ann\u00e9es, le lac et ses environs sont un excellent terrain de jeu pour des excursions sur les dunes en 4\u00d74, en moto ou en quad ou pour des promenades plus paisibles \u00e0 cheval, ou en dos de chameaux. Le spectacle des ramasseurs de sel est un incontournable.<\/p>\n\n\n\n<h3 class=\"wp-block-heading\">\u00eele de Ngor<\/h3>\n\n\n\n<p>A 5 minutes de Dakar, vous acc\u00e9dez en pirogue \u00e0 un refuge paisible, loin du bruit et de la pollution. Un petit bout de terre sillonn\u00e9 de petites ruelles qui serpentent entre de belles villas, dont la beaut\u00e9 a s\u00e9duit de nombreux artistes internationaux qui y ont acquis une r\u00e9sidence.\u00a0 Le climat agr\u00e9able y est propice aux sports nautiques, \u00e0 la p\u00eache sportive et \u00e0 l\u2019observation ornithologique.<\/p>\n\n\n\n<h3 class=\"wp-block-heading\">\u00eeles des Madeleines<\/h3>\n\n\n\n<p>Les \u00eeles de la Madeleine sont un archipel situ\u00e9 au large de Dakar (S\u00e9n\u00e9gal). Il est constitu\u00e9 de deux \u00eeles, dont la plus grande est l\u2019\u00eele au Sarpan, et la plus petite, l\u2019\u00eele Lougne.<\/p>\n\n\n\n<h3 class=\"wp-block-heading\"><br>Monument de la renaissance<\/h3>\n\n\n\n<p>Class\u00e9 parmi les monuments les plus hauts du monde, l\u2019\u0153uvre est une imposante statue de 52 m en bronze et cuivre repr\u00e9sentant un couple et un enfant. Du sommet, la ville s\u2019admire en mode 360 degr\u00e9s. Avec en toile de fond, le coucher de soleil, le spectacle est grandiose.<\/p>\n\n\n\n<h3 class=\"wp-block-heading\">Galerie Nationale D&rsquo;art<\/h3>\n\n\n\n<p>Cr\u00e9\u00e9e en 1983, la Galerie Nationale d\u2019Art est un espace d\u2019accueil, de diffusion et d\u00e9veloppement des arts plastiques. Elle abrite des expositions d\u2019art organis\u00e9es par des promoteurs au profit des artistes ou par des artistes eux-m\u00eames.<\/p>\n\n\n\n<p>Elle assure des missions de commissaire aux expositions d\u2019art et participe aux semaines culturelles s\u00e9n\u00e9galaises \u00e0 l\u2019\u00e9tranger.&nbsp;La Galerie Nationale organise \u00e9galement tous les deux ans, le Salon National des Artistes Plasticiens du S\u00e9n\u00e9gal<\/p>","protected":false},"excerpt":{"rendered":"<p>Explorez Dakar Situ\u00e9 \u00e0 l\u2019extr\u00e9mit\u00e9 Ouest du continent Africain et face \u00e0 l\u2019Oc\u00e9an Atlantique, Dakar se d\u00e9ploie, dans des contrastes saisissants, entre modernit\u00e9 et authenticit\u00e9. La capitale ravit ceux qui ont la belle id\u00e9e d\u2019y s\u00e9journer plus que le temps d\u2019une escale. Ses march\u00e9s anim\u00e9s, sa vie nocturne exub\u00e9rante, ses \u00eeles paisibles juste au large,&nbsp;ses [&hellip;]<\/p>\n","protected":false},"author":1,"featured_media":0,"parent":400,"menu_order":1,"comment_status":"closed","ping_status":"closed","template":"","meta":{"footnotes":""},"class_list":["post-600","page","type-page","status-publish","hentry"],"blocksy_meta":[],"yoast_head":"<!-- This site is optimized with the Yoast SEO plugin v27.5 - https:\/\/yoast.com\/product\/yoast-seo-wordpress\/ -->\n<title>Visitez Dakar - Ambassade du S&eacute;n&eacute;gal en Allemagne<\/title>\n<meta name=\"description\" content=\"Ambassade S\u00e9n\u00e9gal -Diplomatie - Passeport - Visa - Tourisme - Investissement --- Senegalische Botschaft in Deutschland \u2013 Diplomatie \u2013 Reisepass \u2013 Visum \u2013 Tourismus \u2013 Investition --- Embassy of Senegal \u2013 Diplomacy \u2013 Passport \u2013 Visa \u2013 Tourism \u2013 Investment\" \/>\n<meta name=\"robots\" content=\"index, follow, max-snippet:-1, max-image-preview:large, max-video-preview:-1\" \/>\n<link rel=\"canonical\" href=\"https:\/\/botschaft-senegal.de\/de\/senegal\/tourisme\/visitez-dakar\/\" \/>\n<meta property=\"og:locale\" content=\"de_DE\" \/>\n<meta property=\"og:type\" content=\"article\" \/>\n<meta property=\"og:title\" content=\"Visitez Dakar - Ambassade du S&eacute;n&eacute;gal en Allemagne\" \/>\n<meta property=\"og:description\" content=\"Ambassade S\u00e9n\u00e9gal -Diplomatie - Passeport - Visa - Tourisme - Investissement --- Senegalische Botschaft in Deutschland \u2013 Diplomatie \u2013 Reisepass \u2013 Visum \u2013 Tourismus \u2013 Investition --- Embassy of Senegal \u2013 Diplomacy \u2013 Passport \u2013 Visa \u2013 Tourism \u2013 Investment\" \/>\n<meta property=\"og:url\" content=\"https:\/\/botschaft-senegal.de\/de\/senegal\/tourisme\/visitez-dakar\/\" \/>\n<meta property=\"og:site_name\" content=\"Ambassade du S&eacute;n&eacute;gal en Allemagne\" \/>\n<meta property=\"article:modified_time\" content=\"2023-08-13T21:00:05+00:00\" \/>\n<meta property=\"og:image\" content=\"https:\/\/botschaft-senegal.de\/wp-content\/uploads\/2023\/08\/flag.jpg\" \/>\n\t<meta property=\"og:image:width\" content=\"266\" \/>\n\t<meta property=\"og:image:height\" content=\"198\" \/>\n\t<meta property=\"og:image:type\" content=\"image\/jpeg\" \/>\n<meta name=\"twitter:card\" content=\"summary_large_image\" \/>\n<meta name=\"twitter:label1\" content=\"Gesch\u00e4tzte Lesezeit\" \/>\n\t<meta name=\"twitter:data1\" content=\"4 Minuten\" \/>\n<script type=\"application\/ld+json\" class=\"yoast-schema-graph\">{\"@context\":\"https:\\\/\\\/schema.org\",\"@graph\":[{\"@type\":\"WebPage\",\"@id\":\"https:\\\/\\\/botschaft-senegal.de\\\/senegal\\\/tourisme\\\/visitez-dakar\\\/\",\"url\":\"https:\\\/\\\/botschaft-senegal.de\\\/senegal\\\/tourisme\\\/visitez-dakar\\\/\",\"name\":\"Visitez Dakar - Ambassade du S&eacute;n&eacute;gal en Allemagne\",\"isPartOf\":{\"@id\":\"https:\\\/\\\/botschaft-senega-r4b19ptaoc.live-website.com\\\/#website\"},\"datePublished\":\"2023-08-13T20:42:23+00:00\",\"dateModified\":\"2023-08-13T21:00:05+00:00\",\"description\":\"Ambassade S\u00e9n\u00e9gal -Diplomatie - Passeport - Visa - Tourisme - Investissement --- Senegalische Botschaft in Deutschland \u2013 Diplomatie \u2013 Reisepass \u2013 Visum \u2013 Tourismus \u2013 Investition --- Embassy of Senegal \u2013 Diplomacy \u2013 Passport \u2013 Visa \u2013 Tourism \u2013 Investment\",\"breadcrumb\":{\"@id\":\"https:\\\/\\\/botschaft-senegal.de\\\/senegal\\\/tourisme\\\/visitez-dakar\\\/#breadcrumb\"},\"inLanguage\":\"de\",\"potentialAction\":[{\"@type\":\"ReadAction\",\"target\":[\"https:\\\/\\\/botschaft-senegal.de\\\/senegal\\\/tourisme\\\/visitez-dakar\\\/\"]}]},{\"@type\":\"BreadcrumbList\",\"@id\":\"https:\\\/\\\/botschaft-senegal.de\\\/senegal\\\/tourisme\\\/visitez-dakar\\\/#breadcrumb\",\"itemListElement\":[{\"@type\":\"ListItem\",\"position\":1,\"name\":\"Accueil\",\"item\":\"https:\\\/\\\/botschaft-senegal.de\\\/\"},{\"@type\":\"ListItem\",\"position\":2,\"name\":\"A propos du S\u00e9n\u00e9gal\",\"item\":\"https:\\\/\\\/botschaft-senega-r4b19ptaoc.live-website.com\\\/senegal\\\/\"},{\"@type\":\"ListItem\",\"position\":3,\"name\":\"Tourisme au S\u00e9n\u00e9gal\",\"item\":\"https:\\\/\\\/botschaft-senegal.de\\\/senegal\\\/tourisme\\\/\"},{\"@type\":\"ListItem\",\"position\":4,\"name\":\"Visitez Dakar\"}]},{\"@type\":\"WebSite\",\"@id\":\"https:\\\/\\\/botschaft-senega-r4b19ptaoc.live-website.com\\\/#website\",\"url\":\"https:\\\/\\\/botschaft-senega-r4b19ptaoc.live-website.com\\\/\",\"name\":\"Ambassade du S\u00e9n\u00e9gal \u00e0 Berlin\",\"description\":\"Ambassade du S&eacute;n&eacute;gal &agrave; Berlin\",\"publisher\":{\"@id\":\"https:\\\/\\\/botschaft-senega-r4b19ptaoc.live-website.com\\\/#organization\"},\"alternateName\":\"Botschaft Senegal\",\"potentialAction\":[{\"@type\":\"SearchAction\",\"target\":{\"@type\":\"EntryPoint\",\"urlTemplate\":\"https:\\\/\\\/botschaft-senega-r4b19ptaoc.live-website.com\\\/?s={search_term_string}\"},\"query-input\":{\"@type\":\"PropertyValueSpecification\",\"valueRequired\":true,\"valueName\":\"search_term_string\"}}],\"inLanguage\":\"de\"},{\"@type\":\"Organization\",\"@id\":\"https:\\\/\\\/botschaft-senega-r4b19ptaoc.live-website.com\\\/#organization\",\"name\":\"Ambassade du S\u00e9n\u00e9gal \u00e0 Berlin - Botschaft Senegal\",\"alternateName\":\"Botschaft senegal\",\"url\":\"https:\\\/\\\/botschaft-senega-r4b19ptaoc.live-website.com\\\/\",\"logo\":{\"@type\":\"ImageObject\",\"inLanguage\":\"de\",\"@id\":\"https:\\\/\\\/botschaft-senega-r4b19ptaoc.live-website.com\\\/#\\\/schema\\\/logo\\\/image\\\/\",\"url\":\"https:\\\/\\\/botschaft-senegal.de\\\/wp-content\\\/uploads\\\/2023\\\/07\\\/logo.svg.png\",\"contentUrl\":\"https:\\\/\\\/botschaft-senegal.de\\\/wp-content\\\/uploads\\\/2023\\\/07\\\/logo.svg.png\",\"width\":200,\"height\":237,\"caption\":\"Ambassade du S\u00e9n\u00e9gal \u00e0 Berlin - Botschaft Senegal\"},\"image\":{\"@id\":\"https:\\\/\\\/botschaft-senega-r4b19ptaoc.live-website.com\\\/#\\\/schema\\\/logo\\\/image\\\/\"}}]}<\/script>\n<!-- \/ Yoast SEO plugin. -->","yoast_head_json":{"title":"Visitez Dakar - Ambassade du S&eacute;n&eacute;gal en Allemagne","description":"Ambassade S\u00e9n\u00e9gal -Diplomatie - Passeport - Visa - Tourisme - Investissement --- Senegalische Botschaft in Deutschland \u2013 Diplomatie \u2013 Reisepass \u2013 Visum \u2013 Tourismus \u2013 Investition --- Embassy of Senegal \u2013 Diplomacy \u2013 Passport \u2013 Visa \u2013 Tourism \u2013 Investment","robots":{"index":"index","follow":"follow","max-snippet":"max-snippet:-1","max-image-preview":"max-image-preview:large","max-video-preview":"max-video-preview:-1"},"canonical":"https:\/\/botschaft-senegal.de\/de\/senegal\/tourisme\/visitez-dakar\/","og_locale":"de_DE","og_type":"article","og_title":"Visitez Dakar - Ambassade du S&eacute;n&eacute;gal en Allemagne","og_description":"Ambassade S\u00e9n\u00e9gal -Diplomatie - Passeport - Visa - Tourisme - Investissement --- Senegalische Botschaft in Deutschland \u2013 Diplomatie \u2013 Reisepass \u2013 Visum \u2013 Tourismus \u2013 Investition --- Embassy of Senegal \u2013 Diplomacy \u2013 Passport \u2013 Visa \u2013 Tourism \u2013 Investment","og_url":"https:\/\/botschaft-senegal.de\/de\/senegal\/tourisme\/visitez-dakar\/","og_site_name":"Ambassade du S&eacute;n&eacute;gal en Allemagne","article_modified_time":"2023-08-13T21:00:05+00:00","og_image":[{"width":266,"height":198,"url":"https:\/\/botschaft-senegal.de\/wp-content\/uploads\/2023\/08\/flag.jpg","type":"image\/jpeg"}],"twitter_card":"summary_large_image","twitter_misc":{"Gesch\u00e4tzte Lesezeit":"4 Minuten"},"schema":{"@context":"https:\/\/schema.org","@graph":[{"@type":"WebPage","@id":"https:\/\/botschaft-senegal.de\/senegal\/tourisme\/visitez-dakar\/","url":"https:\/\/botschaft-senegal.de\/senegal\/tourisme\/visitez-dakar\/","name":"Visitez Dakar - Ambassade du S&eacute;n&eacute;gal en Allemagne","isPartOf":{"@id":"https:\/\/botschaft-senega-r4b19ptaoc.live-website.com\/#website"},"datePublished":"2023-08-13T20:42:23+00:00","dateModified":"2023-08-13T21:00:05+00:00","description":"Ambassade S\u00e9n\u00e9gal -Diplomatie - Passeport - Visa - Tourisme - Investissement --- Senegalische Botschaft in Deutschland \u2013 Diplomatie \u2013 Reisepass \u2013 Visum \u2013 Tourismus \u2013 Investition --- Embassy of Senegal \u2013 Diplomacy \u2013 Passport \u2013 Visa \u2013 Tourism \u2013 Investment","breadcrumb":{"@id":"https:\/\/botschaft-senegal.de\/senegal\/tourisme\/visitez-dakar\/#breadcrumb"},"inLanguage":"de","potentialAction":[{"@type":"ReadAction","target":["https:\/\/botschaft-senegal.de\/senegal\/tourisme\/visitez-dakar\/"]}]},{"@type":"BreadcrumbList","@id":"https:\/\/botschaft-senegal.de\/senegal\/tourisme\/visitez-dakar\/#breadcrumb","itemListElement":[{"@type":"ListItem","position":1,"name":"Accueil","item":"https:\/\/botschaft-senegal.de\/"},{"@type":"ListItem","position":2,"name":"A propos du S\u00e9n\u00e9gal","item":"https:\/\/botschaft-senega-r4b19ptaoc.live-website.com\/senegal\/"},{"@type":"ListItem","position":3,"name":"Tourisme au S\u00e9n\u00e9gal","item":"https:\/\/botschaft-senegal.de\/senegal\/tourisme\/"},{"@type":"ListItem","position":4,"name":"Visitez Dakar"}]},{"@type":"WebSite","@id":"https:\/\/botschaft-senega-r4b19ptaoc.live-website.com\/#website","url":"https:\/\/botschaft-senega-r4b19ptaoc.live-website.com\/","name":"Ambassade du S\u00e9n\u00e9gal \u00e0 Berlin","description":"Ambassade du S&eacute;n&eacute;gal &agrave; Berlin","publisher":{"@id":"https:\/\/botschaft-senega-r4b19ptaoc.live-website.com\/#organization"},"alternateName":"Botschaft Senegal","potentialAction":[{"@type":"SearchAction","target":{"@type":"EntryPoint","urlTemplate":"https:\/\/botschaft-senega-r4b19ptaoc.live-website.com\/?s={search_term_string}"},"query-input":{"@type":"PropertyValueSpecification","valueRequired":true,"valueName":"search_term_string"}}],"inLanguage":"de"},{"@type":"Organization","@id":"https:\/\/botschaft-senega-r4b19ptaoc.live-website.com\/#organization","name":"Ambassade du S\u00e9n\u00e9gal \u00e0 Berlin - Botschaft Senegal","alternateName":"Botschaft senegal","url":"https:\/\/botschaft-senega-r4b19ptaoc.live-website.com\/","logo":{"@type":"ImageObject","inLanguage":"de","@id":"https:\/\/botschaft-senega-r4b19ptaoc.live-website.com\/#\/schema\/logo\/image\/","url":"https:\/\/botschaft-senegal.de\/wp-content\/uploads\/2023\/07\/logo.svg.png","contentUrl":"https:\/\/botschaft-senegal.de\/wp-content\/uploads\/2023\/07\/logo.svg.png","width":200,"height":237,"caption":"Ambassade du S\u00e9n\u00e9gal \u00e0 Berlin - Botschaft Senegal"},"image":{"@id":"https:\/\/botschaft-senega-r4b19ptaoc.live-website.com\/#\/schema\/logo\/image\/"}}]}},"_links":{"self":[{"href":"https:\/\/botschaft-senegal.de\/de\/wp-json\/wp\/v2\/pages\/600","targetHints":{"allow":["GET"]}}],"collection":[{"href":"https:\/\/botschaft-senegal.de\/de\/wp-json\/wp\/v2\/pages"}],"about":[{"href":"https:\/\/botschaft-senegal.de\/de\/wp-json\/wp\/v2\/types\/page"}],"author":[{"embeddable":true,"href":"https:\/\/botschaft-senegal.de\/de\/wp-json\/wp\/v2\/users\/1"}],"replies":[{"embeddable":true,"href":"https:\/\/botschaft-senegal.de\/de\/wp-json\/wp\/v2\/comments?post=600"}],"version-history":[{"count":4,"href":"https:\/\/botschaft-senegal.de\/de\/wp-json\/wp\/v2\/pages\/600\/revisions"}],"predecessor-version":[{"id":605,"href":"https:\/\/botschaft-senegal.de\/de\/wp-json\/wp\/v2\/pages\/600\/revisions\/605"}],"up":[{"embeddable":true,"href":"https:\/\/botschaft-senegal.de\/de\/wp-json\/wp\/v2\/pages\/400"}],"wp:attachment":[{"href":"https:\/\/botschaft-senegal.de\/de\/wp-json\/wp\/v2\/media?parent=600"}],"curies":[{"name":"wp","href":"https:\/\/api.w.org\/{rel}","templated":true}]}}