{"id":613,"date":"2023-08-13T23:34:52","date_gmt":"2023-08-13T21:34:52","guid":{"rendered":"https:\/\/botschaft-senegal.de\/?page_id=613"},"modified":"2023-08-13T23:38:11","modified_gmt":"2023-08-13T21:38:11","slug":"petite-cote","status":"publish","type":"page","link":"https:\/\/botschaft-senegal.de\/de\/senegal\/tourisme\/petite-cote\/","title":{"rendered":"Visitez la Petite C\u00f4te"},"content":{"rendered":"<h2 class=\"wp-block-heading has-text-align-center has-medium-font-size\" style=\"font-style:normal;font-weight:700\">Cap sur la Petite C\u00f4te (Saly &#8211; Somone &#8211; Ngaparou &#8211; Joal Fadiouth)<\/h2>\n\n\n\n<p>A la sortie de Dakar, de grands baobabs dessinent un chemin vers ce territoire qui combine, en un seul lieu, du soleil \u00e0 volont\u00e9, une mer toujours calme, des plages de sable fin et des excursions dans la vie sauvage et traditionnelle du S\u00e9n\u00e9gal.&nbsp;<\/p>\n\n\n\n<p>Ce territoire renferme des spots baln\u00e9aires de toute beaut\u00e9 nich\u00e9s au c\u0153ur de paysages lagunaires. Il offre \u00e9galement des exp\u00e9riences hors du temps qui se vivent au fil des excursions dans des univers magiques o\u00f9 le calme rivalise avec la beaut\u00e9 des lieux. Tout le long de la Petite C\u00f4te, des plages ensoleill\u00e9es et au faible courant permettent de go\u00fbter aux joies de la baignade, du bronzage et du sport nautique.&nbsp;<\/p>\n\n\n\n<p>Faites un premier arr\u00eat dans le territoire magique de Joal-Fadiouth, le royaume d\u2019enfance du po\u00e8te-pr\u00e9sident L\u00e9opold S\u00e9dar Senghor dont la beaut\u00e9 a beaucoup inspir\u00e9 sa po\u00e9sie. Une balade en pirogue \u00e0 travers les mangroves et greniers \u00e0 mil, une travers\u00e9e du pont en bois qui relie Joal \u00e0 Fadiouth, et vous voil\u00e0 plonger dans un univers enchanteur. Les coquilles de coques et d\u2019hu\u00eetres qui dallent les ruelles de Fadiouth craquent sous vos pas. L\u2019exemplarit\u00e9 de la tol\u00e9rance religieuse au S\u00e9n\u00e9gal s\u2019admire dans un cimeti\u00e8re mixte chr\u00e9tien et musulman qui offre une vue imprenable sur l\u2019ensemble du paysage.<\/p>\n\n\n\n<p>La station baln\u00e9aire de Saly Portudal est l\u2019endroit id\u00e9al pour un s\u00e9jour plac\u00e9 sous le signe du loisir et du soleil. Saly Portudal rec\u00e8le de plages de sable dor\u00e9 bord\u00e9es de palmiers derri\u00e8re lesquels s\u2019\u00e9rigent des h\u00f4tels aux charmes vari\u00e9s. La station est un spot de pr\u00e9dilection pour les amateurs de sports nautiques en tous genres (planche \u00e0 voile, surf, kite surf..), et son parcours de 18 trous bord\u00e9s de baobabs est une aubaine pour les golfeurs.&nbsp;<\/p>\n\n\n\n<p>Cap sur Somone, une autre station baln\u00e9aire situ\u00e9e entre deux villages de p\u00eacheurs et qui propose de nombreux h\u00e9bergements. Ses plages sont parmi les plus belles de la Petite C\u00f4te. Sa lagune est un havre de paix, une r\u00e9serve naturelle pour oiseaux o\u00f9 r\u00e8gne une atmosph\u00e8re paisible pour se d\u00e9tendre et se ressourcer.&nbsp;<\/p>\n\n\n\n<p>Plongez dans le charme du village de Popenguine, qui b\u00e9n\u00e9ficie d\u2019un ensoleillement qui illumine l\u2019ensemble des terres et jette des reflets dor\u00e9s sur ses superbes plages. Une plong\u00e9e dans les rouleaux de vague, un coucher de soleil depuis les falaises qui vous offrent une superbe vue sur les pirogues au loin et une balade dans la r\u00e9serve naturelle nationale qui s\u2019\u00e9tende \u00e0 proximit\u00e9 et o\u00f9 s\u2019\u00e9panouit le merle bleu, vous garantissent un d\u00e9paysement total.&nbsp;<\/p>\n\n\n\n<p>Le village de p\u00eacheurs Toubab Dialao s\u2019\u00e9tend le long d\u2019une plage assez sauvage, avec ses falaises ocres et ses collines ocres. Son charme et sa tranquillit\u00e9 ont s\u00e9duit bon nombre de S\u00e9n\u00e9galais qui y ont install\u00e9 leur r\u00e9sidence secondaire.&nbsp;<\/p>","protected":false},"excerpt":{"rendered":"<p>Cap sur la Petite C\u00f4te (Saly &#8211; Somone &#8211; Ngaparou &#8211; Joal Fadiouth) A la sortie de Dakar, de grands baobabs dessinent un chemin vers ce territoire qui combine, en un seul lieu, du soleil \u00e0 volont\u00e9, une mer toujours calme, des plages de sable fin et des excursions dans la vie sauvage et traditionnelle [&hellip;]<\/p>\n","protected":false},"author":1,"featured_media":0,"parent":400,"menu_order":1,"comment_status":"closed","ping_status":"closed","template":"","meta":{"footnotes":""},"class_list":["post-613","page","type-page","status-publish","hentry"],"blocksy_meta":[],"yoast_head":"<!-- This site is optimized with the Yoast SEO plugin v27.5 - https:\/\/yoast.com\/product\/yoast-seo-wordpress\/ -->\n<title>Visitez la Petite C\u00f4te - Ambassade du S&eacute;n&eacute;gal en Allemagne<\/title>\n<meta name=\"description\" content=\"Ambassade S\u00e9n\u00e9gal -Diplomatie - Passeport - Visa - Tourisme - Investissement --- Senegalische Botschaft in Deutschland \u2013 Diplomatie \u2013 Reisepass \u2013 Visum \u2013 Tourismus \u2013 Investition --- Embassy of Senegal \u2013 Diplomacy \u2013 Passport \u2013 Visa \u2013 Tourism \u2013 Investment\" \/>\n<meta name=\"robots\" content=\"index, follow, max-snippet:-1, max-image-preview:large, max-video-preview:-1\" \/>\n<link rel=\"canonical\" href=\"https:\/\/botschaft-senegal.de\/de\/senegal\/tourisme\/petite-cote\/\" \/>\n<meta property=\"og:locale\" content=\"de_DE\" \/>\n<meta property=\"og:type\" content=\"article\" \/>\n<meta property=\"og:title\" content=\"Visitez la Petite C\u00f4te - Ambassade du S&eacute;n&eacute;gal en Allemagne\" \/>\n<meta property=\"og:description\" content=\"Ambassade S\u00e9n\u00e9gal -Diplomatie - Passeport - Visa - Tourisme - Investissement --- Senegalische Botschaft in Deutschland \u2013 Diplomatie \u2013 Reisepass \u2013 Visum \u2013 Tourismus \u2013 Investition --- Embassy of Senegal \u2013 Diplomacy \u2013 Passport \u2013 Visa \u2013 Tourism \u2013 Investment\" \/>\n<meta property=\"og:url\" content=\"https:\/\/botschaft-senegal.de\/de\/senegal\/tourisme\/petite-cote\/\" \/>\n<meta property=\"og:site_name\" content=\"Ambassade du S&eacute;n&eacute;gal en Allemagne\" \/>\n<meta property=\"article:modified_time\" content=\"2023-08-13T21:38:11+00:00\" \/>\n<meta property=\"og:image\" content=\"https:\/\/botschaft-senegal.de\/wp-content\/uploads\/2023\/08\/flag.jpg\" \/>\n\t<meta property=\"og:image:width\" content=\"266\" \/>\n\t<meta property=\"og:image:height\" content=\"198\" \/>\n\t<meta property=\"og:image:type\" content=\"image\/jpeg\" \/>\n<meta name=\"twitter:card\" content=\"summary_large_image\" \/>\n<meta name=\"twitter:label1\" content=\"Gesch\u00e4tzte Lesezeit\" \/>\n\t<meta name=\"twitter:data1\" content=\"3 Minuten\" \/>\n<script type=\"application\/ld+json\" class=\"yoast-schema-graph\">{\"@context\":\"https:\\\/\\\/schema.org\",\"@graph\":[{\"@type\":\"WebPage\",\"@id\":\"https:\\\/\\\/botschaft-senegal.de\\\/senegal\\\/tourisme\\\/petite-cote\\\/\",\"url\":\"https:\\\/\\\/botschaft-senegal.de\\\/senegal\\\/tourisme\\\/petite-cote\\\/\",\"name\":\"Visitez la Petite C\u00f4te - Ambassade du S&eacute;n&eacute;gal en Allemagne\",\"isPartOf\":{\"@id\":\"https:\\\/\\\/botschaft-senega-r4b19ptaoc.live-website.com\\\/#website\"},\"datePublished\":\"2023-08-13T21:34:52+00:00\",\"dateModified\":\"2023-08-13T21:38:11+00:00\",\"description\":\"Ambassade S\u00e9n\u00e9gal -Diplomatie - Passeport - Visa - Tourisme - Investissement --- Senegalische Botschaft in Deutschland \u2013 Diplomatie \u2013 Reisepass \u2013 Visum \u2013 Tourismus \u2013 Investition --- Embassy of Senegal \u2013 Diplomacy \u2013 Passport \u2013 Visa \u2013 Tourism \u2013 Investment\",\"breadcrumb\":{\"@id\":\"https:\\\/\\\/botschaft-senegal.de\\\/senegal\\\/tourisme\\\/petite-cote\\\/#breadcrumb\"},\"inLanguage\":\"de\",\"potentialAction\":[{\"@type\":\"ReadAction\",\"target\":[\"https:\\\/\\\/botschaft-senegal.de\\\/senegal\\\/tourisme\\\/petite-cote\\\/\"]}]},{\"@type\":\"BreadcrumbList\",\"@id\":\"https:\\\/\\\/botschaft-senegal.de\\\/senegal\\\/tourisme\\\/petite-cote\\\/#breadcrumb\",\"itemListElement\":[{\"@type\":\"ListItem\",\"position\":1,\"name\":\"Accueil\",\"item\":\"https:\\\/\\\/botschaft-senegal.de\\\/\"},{\"@type\":\"ListItem\",\"position\":2,\"name\":\"A propos du S\u00e9n\u00e9gal\",\"item\":\"https:\\\/\\\/botschaft-senega-r4b19ptaoc.live-website.com\\\/senegal\\\/\"},{\"@type\":\"ListItem\",\"position\":3,\"name\":\"Tourisme au S\u00e9n\u00e9gal\",\"item\":\"https:\\\/\\\/botschaft-senegal.de\\\/senegal\\\/tourisme\\\/\"},{\"@type\":\"ListItem\",\"position\":4,\"name\":\"Visitez la Petite C\u00f4te\"}]},{\"@type\":\"WebSite\",\"@id\":\"https:\\\/\\\/botschaft-senega-r4b19ptaoc.live-website.com\\\/#website\",\"url\":\"https:\\\/\\\/botschaft-senega-r4b19ptaoc.live-website.com\\\/\",\"name\":\"Ambassade du S\u00e9n\u00e9gal \u00e0 Berlin\",\"description\":\"Ambassade du S&eacute;n&eacute;gal &agrave; Berlin\",\"publisher\":{\"@id\":\"https:\\\/\\\/botschaft-senega-r4b19ptaoc.live-website.com\\\/#organization\"},\"alternateName\":\"Botschaft Senegal\",\"potentialAction\":[{\"@type\":\"SearchAction\",\"target\":{\"@type\":\"EntryPoint\",\"urlTemplate\":\"https:\\\/\\\/botschaft-senega-r4b19ptaoc.live-website.com\\\/?s={search_term_string}\"},\"query-input\":{\"@type\":\"PropertyValueSpecification\",\"valueRequired\":true,\"valueName\":\"search_term_string\"}}],\"inLanguage\":\"de\"},{\"@type\":\"Organization\",\"@id\":\"https:\\\/\\\/botschaft-senega-r4b19ptaoc.live-website.com\\\/#organization\",\"name\":\"Ambassade du S\u00e9n\u00e9gal \u00e0 Berlin - Botschaft Senegal\",\"alternateName\":\"Botschaft senegal\",\"url\":\"https:\\\/\\\/botschaft-senega-r4b19ptaoc.live-website.com\\\/\",\"logo\":{\"@type\":\"ImageObject\",\"inLanguage\":\"de\",\"@id\":\"https:\\\/\\\/botschaft-senega-r4b19ptaoc.live-website.com\\\/#\\\/schema\\\/logo\\\/image\\\/\",\"url\":\"https:\\\/\\\/botschaft-senegal.de\\\/wp-content\\\/uploads\\\/2023\\\/07\\\/logo.svg.png\",\"contentUrl\":\"https:\\\/\\\/botschaft-senegal.de\\\/wp-content\\\/uploads\\\/2023\\\/07\\\/logo.svg.png\",\"width\":200,\"height\":237,\"caption\":\"Ambassade du S\u00e9n\u00e9gal \u00e0 Berlin - Botschaft Senegal\"},\"image\":{\"@id\":\"https:\\\/\\\/botschaft-senega-r4b19ptaoc.live-website.com\\\/#\\\/schema\\\/logo\\\/image\\\/\"}}]}<\/script>\n<!-- \/ Yoast SEO plugin. -->","yoast_head_json":{"title":"Visitez la Petite C\u00f4te - Ambassade du S&eacute;n&eacute;gal en Allemagne","description":"Ambassade S\u00e9n\u00e9gal -Diplomatie - Passeport - Visa - Tourisme - Investissement --- Senegalische Botschaft in Deutschland \u2013 Diplomatie \u2013 Reisepass \u2013 Visum \u2013 Tourismus \u2013 Investition --- Embassy of Senegal \u2013 Diplomacy \u2013 Passport \u2013 Visa \u2013 Tourism \u2013 Investment","robots":{"index":"index","follow":"follow","max-snippet":"max-snippet:-1","max-image-preview":"max-image-preview:large","max-video-preview":"max-video-preview:-1"},"canonical":"https:\/\/botschaft-senegal.de\/de\/senegal\/tourisme\/petite-cote\/","og_locale":"de_DE","og_type":"article","og_title":"Visitez la Petite C\u00f4te - Ambassade du S&eacute;n&eacute;gal en Allemagne","og_description":"Ambassade S\u00e9n\u00e9gal -Diplomatie - Passeport - Visa - Tourisme - Investissement --- Senegalische Botschaft in Deutschland \u2013 Diplomatie \u2013 Reisepass \u2013 Visum \u2013 Tourismus \u2013 Investition --- Embassy of Senegal \u2013 Diplomacy \u2013 Passport \u2013 Visa \u2013 Tourism \u2013 Investment","og_url":"https:\/\/botschaft-senegal.de\/de\/senegal\/tourisme\/petite-cote\/","og_site_name":"Ambassade du S&eacute;n&eacute;gal en Allemagne","article_modified_time":"2023-08-13T21:38:11+00:00","og_image":[{"width":266,"height":198,"url":"https:\/\/botschaft-senegal.de\/wp-content\/uploads\/2023\/08\/flag.jpg","type":"image\/jpeg"}],"twitter_card":"summary_large_image","twitter_misc":{"Gesch\u00e4tzte Lesezeit":"3 Minuten"},"schema":{"@context":"https:\/\/schema.org","@graph":[{"@type":"WebPage","@id":"https:\/\/botschaft-senegal.de\/senegal\/tourisme\/petite-cote\/","url":"https:\/\/botschaft-senegal.de\/senegal\/tourisme\/petite-cote\/","name":"Visitez la Petite C\u00f4te - Ambassade du S&eacute;n&eacute;gal en Allemagne","isPartOf":{"@id":"https:\/\/botschaft-senega-r4b19ptaoc.live-website.com\/#website"},"datePublished":"2023-08-13T21:34:52+00:00","dateModified":"2023-08-13T21:38:11+00:00","description":"Ambassade S\u00e9n\u00e9gal -Diplomatie - Passeport - Visa - Tourisme - Investissement --- Senegalische Botschaft in Deutschland \u2013 Diplomatie \u2013 Reisepass \u2013 Visum \u2013 Tourismus \u2013 Investition --- Embassy of Senegal \u2013 Diplomacy \u2013 Passport \u2013 Visa \u2013 Tourism \u2013 Investment","breadcrumb":{"@id":"https:\/\/botschaft-senegal.de\/senegal\/tourisme\/petite-cote\/#breadcrumb"},"inLanguage":"de","potentialAction":[{"@type":"ReadAction","target":["https:\/\/botschaft-senegal.de\/senegal\/tourisme\/petite-cote\/"]}]},{"@type":"BreadcrumbList","@id":"https:\/\/botschaft-senegal.de\/senegal\/tourisme\/petite-cote\/#breadcrumb","itemListElement":[{"@type":"ListItem","position":1,"name":"Accueil","item":"https:\/\/botschaft-senegal.de\/"},{"@type":"ListItem","position":2,"name":"A propos du S\u00e9n\u00e9gal","item":"https:\/\/botschaft-senega-r4b19ptaoc.live-website.com\/senegal\/"},{"@type":"ListItem","position":3,"name":"Tourisme au S\u00e9n\u00e9gal","item":"https:\/\/botschaft-senegal.de\/senegal\/tourisme\/"},{"@type":"ListItem","position":4,"name":"Visitez la Petite C\u00f4te"}]},{"@type":"WebSite","@id":"https:\/\/botschaft-senega-r4b19ptaoc.live-website.com\/#website","url":"https:\/\/botschaft-senega-r4b19ptaoc.live-website.com\/","name":"Ambassade du S\u00e9n\u00e9gal \u00e0 Berlin","description":"Ambassade du S&eacute;n&eacute;gal &agrave; Berlin","publisher":{"@id":"https:\/\/botschaft-senega-r4b19ptaoc.live-website.com\/#organization"},"alternateName":"Botschaft Senegal","potentialAction":[{"@type":"SearchAction","target":{"@type":"EntryPoint","urlTemplate":"https:\/\/botschaft-senega-r4b19ptaoc.live-website.com\/?s={search_term_string}"},"query-input":{"@type":"PropertyValueSpecification","valueRequired":true,"valueName":"search_term_string"}}],"inLanguage":"de"},{"@type":"Organization","@id":"https:\/\/botschaft-senega-r4b19ptaoc.live-website.com\/#organization","name":"Ambassade du S\u00e9n\u00e9gal \u00e0 Berlin - Botschaft Senegal","alternateName":"Botschaft senegal","url":"https:\/\/botschaft-senega-r4b19ptaoc.live-website.com\/","logo":{"@type":"ImageObject","inLanguage":"de","@id":"https:\/\/botschaft-senega-r4b19ptaoc.live-website.com\/#\/schema\/logo\/image\/","url":"https:\/\/botschaft-senegal.de\/wp-content\/uploads\/2023\/07\/logo.svg.png","contentUrl":"https:\/\/botschaft-senegal.de\/wp-content\/uploads\/2023\/07\/logo.svg.png","width":200,"height":237,"caption":"Ambassade du S\u00e9n\u00e9gal \u00e0 Berlin - Botschaft Senegal"},"image":{"@id":"https:\/\/botschaft-senega-r4b19ptaoc.live-website.com\/#\/schema\/logo\/image\/"}}]}},"_links":{"self":[{"href":"https:\/\/botschaft-senegal.de\/de\/wp-json\/wp\/v2\/pages\/613","targetHints":{"allow":["GET"]}}],"collection":[{"href":"https:\/\/botschaft-senegal.de\/de\/wp-json\/wp\/v2\/pages"}],"about":[{"href":"https:\/\/botschaft-senegal.de\/de\/wp-json\/wp\/v2\/types\/page"}],"author":[{"embeddable":true,"href":"https:\/\/botschaft-senegal.de\/de\/wp-json\/wp\/v2\/users\/1"}],"replies":[{"embeddable":true,"href":"https:\/\/botschaft-senegal.de\/de\/wp-json\/wp\/v2\/comments?post=613"}],"version-history":[{"count":3,"href":"https:\/\/botschaft-senegal.de\/de\/wp-json\/wp\/v2\/pages\/613\/revisions"}],"predecessor-version":[{"id":616,"href":"https:\/\/botschaft-senegal.de\/de\/wp-json\/wp\/v2\/pages\/613\/revisions\/616"}],"up":[{"embeddable":true,"href":"https:\/\/botschaft-senegal.de\/de\/wp-json\/wp\/v2\/pages\/400"}],"wp:attachment":[{"href":"https:\/\/botschaft-senegal.de\/de\/wp-json\/wp\/v2\/media?parent=613"}],"curies":[{"name":"wp","href":"https:\/\/api.w.org\/{rel}","templated":true}]}}